{"id":14632,"date":"2020-06-09T13:04:47","date_gmt":"2020-06-09T12:04:47","guid":{"rendered":"https:\/\/www.patrickseguin.com\/clone\/?page_id=14632"},"modified":"2020-06-09T13:05:15","modified_gmt":"2020-06-09T12:05:15","slug":"cgu","status":"publish","type":"page","link":"https:\/\/www.patrickseguin.com\/en\/cgu\/","title":{"rendered":"Conditions G\u00e9n\u00e9rales d&#8217;Utilisation"},"content":{"rendered":"<p style=\"text-align: left;\"><strong>I. MENTIONS LEGALES<\/strong><\/p>\n<p>\nLe pr\u00e9sent site www.patrickseguin.com est \u00e9dit\u00e9 par la soci\u00e9t\u00e9 Bergerot agissant sous le nom commercial \u00ab Galerie Patrick Seguin \u00bb, soci\u00e9t\u00e9 \u00e0 responsabilit\u00e9 limit\u00e9e au capital social de 105.203 Euros, immatricul\u00e9e au Registre du Commerce et des Soci\u00e9t\u00e9s de Paris sous le num\u00e9ro 350.750.303, dont le si\u00e8ge social est situ\u00e9 5, rue des Taillandiers \u00e0 75011 Paris (ci-apr\u00e8s la Galerie Patrick Seguin \u00bb).<br \/>\nIdentification intracommunautaire : FR 62 350 750 303<br \/>\nContact : info@patrickseguin.com<br \/>\nNum\u00e9ro de t\u00e9l\u00e9phone : 01.47.00.32.35<br \/>\nResponsable de la publication : Laurence Seguin et Patrick Seguin.<br \/>\nH\u00e9bergement du site :<br \/>\nLe Site est h\u00e9berg\u00e9 par la soci\u00e9t\u00e9 OVH<br \/>\nSASU au capital de 10 174 560 \u20ac<br \/>\nDont le si\u00e8ge social est situ\u00e9 : 2 rue Kellermann 59100 Roubaix<br \/>\nSIRET : 424 761 419 00045<br \/>\nIdentification intracommunautaire : FR22424761419<br \/>\nContact : support@ovh.com<br \/>\nT\u00e9l. : +33 9 72 10 10 07<\/p>\n<p style=\"text-align: left;\"><strong>II. CONDITIONS GENERALES D\u2019UTILISATION<br \/>\nEn date du 24 f\u00e9vrier 2020<\/strong><\/p>\n<p style=\"text-align: left;\"><strong>1.\u200bOBJET<\/strong><br \/>\nLes pr\u00e9sentes conditions g\u00e9n\u00e9rales d\u2019utilisation (ci-apr\u00e8s, \u00ab CGU \u00bb) ont pour objet de r\u00e9gir l\u2019acc\u00e8s et l\u2019utilisation du site disponible \u00e0 l\u2019adresse www.patrickseguin.com (ci-apr\u00e8s, le \u00ab Site \u00bb) \u00e9dit\u00e9 par la Galerie Patrick Seguin telle qu\u2019identifi\u00e9e au paragraphe \u00ab Mentions l\u00e9gales \u00bb ci-dessus.<br \/>\nToute personne qui utilise ou visite le Site est d\u00e9finie ci-apr\u00e8s, comme un \u00ab Utilisateur \u00bb.<br \/>\nLorsque l\u2019Utilisateur acc\u00e8de au Site ou fait parvenir un courrier \u00e9lectronique \u00e0 info@patrickseguin.com il reconna\u00eet avoir pris connaissance des CGU et les accepter sans restriction.<br \/>\nLes pr\u00e9sentes CGU pr\u00e9valent sur toutes autres conditions g\u00e9n\u00e9rales ou particuli\u00e8res de l\u2019Utilisateur.<br \/>\nLa Galerie Patrick Seguin se r\u00e9serve le droit de modifier ou d&#8217;adapter les pr\u00e9sentes CGU sans pr\u00e9avis en publiant une nouvelle version de ces derni\u00e8res sur le Site. Ces modifications entreront en vigueur d\u00e8s leur mise en ligne sur le Site et seront donc opposables \u00e0 tout Utilisateur d\u00e8s cet instant. La date de mise \u00e0 jour figure en t\u00eate des pr\u00e9sentes CGU.<br \/>\nLa Galerie Patrick Seguin conseille \u00e0 toute personne visitant le Site de sauvegarder ou d\u2019imprimer les CGU, sans les modifier.<\/p>\n<p style=\"text-align: left;\"><strong>2.\u200bPROPRIETE INTELLECTUELLE<\/strong><br \/>\nLa Galerie Patrick Seguin est le propri\u00e9taire exclusif du Site ainsi que de tout \u00e9l\u00e9ment le composant, les logiciels, structures des bases de donn\u00e9es, textes, informations, analyses, images, photographies, graphismes, logos, sons ou toutes autres donn\u00e9es contenues sur le Site. Ils ne peuvent en aucun cas \u00eatre reproduits, utilis\u00e9s ou repr\u00e9sent\u00e9s sans l&#8217;autorisation \u00e9crite et expresse de la Galerie Patrick Seguin, sous peine de poursuites judiciaires.<br \/>\nLe droit d\u2019utilisation accord\u00e9 \u00e0 l\u2019Utilisateur se limite au droit de consulter en ligne les \u0153uvres de l\u2019esprit originales et donn\u00e9es contenues sur le Site et le droit d\u2019effectuer une impression et\/ou une sauvegarde des \u00e9l\u00e9ments ainsi consult\u00e9s \u00e0 des fins strictement priv\u00e9e, personnelle et dans un but non lucratif.<br \/>\nToute autre utilisation du Site, et notamment commerciale, de la part de l\u2019Utilisateur est interdite sans l&#8217;autorisation \u00e9crite et expresse de la Galerie Patrick Seguin.<br \/>\nLa violation des droits de la Galerie Patrick Seguin expose son auteur aux sanctions pr\u00e9vues tant par le Code de la propri\u00e9t\u00e9 intellectuelle au titre, notamment, de la contrefa\u00e7on de droits d&#8217;auteur (article L. 335-1 et suivants), de droit des marques (article L. 716-1 et suivants) que par le Code civil en mati\u00e8re de responsabilit\u00e9 civile (article 9, articles 1240 et suivants).<\/p>\n<p style=\"text-align: left;\"><strong>3.\u200b LIENS HYPERTEXTES<\/strong><br \/>\nLa cr\u00e9ation de tous liens hypertextes renvoyant \u00e0 l&#8217;une quelconque des pages web ou \u00e9l\u00e9ments du Site est interdite, sauf autorisation \u00e9crite et pr\u00e9alable de la Galerie Patrick Seguin, laquelle autorisation pouvant \u00eatre r\u00e9voqu\u00e9e \u00e0 tout moment. La Galerie Patrick Seguin n\u2019est pas responsable des liens hypertextes pointant vers le Site de sorte que celle-ci d\u00e9cline toute responsabilit\u00e9 (notamment \u00e9ditoriale) concernant l&#8217;acc\u00e8s et le contenu \u00e0 ces sites.<br \/>\nLe Site peut contenir des liens hypertextes vers d\u2019autres sites pr\u00e9sents sur le r\u00e9seau Internet. L\u2019Utilisateur reconna\u00eet que les liens vers ces autres ressources lui font quitter le Site. La Galerie Patrick Seguin ne saurait \u00eatre tenue responsable du contenu de ces sites.<\/p>\n<p style=\"text-align: left;\"><strong>4.\u200b POLITIQUE DE CONFIDENTIALITE<\/strong><br \/>\nLa Galerie Patrick Seguin collecte et traite des donn\u00e9es afin de permettre \u00e0 l\u2019Utilisateur une utilisation optimale du Site.<br \/>\nConform\u00e9ment \u00e0 la loi n\u00b0 78-17 du 6 janvier 1978 relative \u00e0 l&#8217;informatique, aux fichiers et aux libert\u00e9s telle que modifi\u00e9e dite \u00ab Loi Informatique et Libert\u00e9s \u00bb, le r\u00e8glement europ\u00e9en n\u00b02016\/679 sur la protection des donn\u00e9es dit \u00ab RGPD \u00bb, et toute autre r\u00e8glementation applicable en mati\u00e8re de protection des donn\u00e9es \u00e0 caract\u00e8re personnel (ci-apr\u00e8s la \u00ab R\u00e9glementation applicable \u00bb), la pr\u00e9sente politique de confidentialit\u00e9 fournit des informations sur les donn\u00e9es personnelles susceptibles d\u2019\u00eatre collect\u00e9es et leurs traitements, et explique les droits des Utilisateurs quant aux donn\u00e9es personnelles les concernant.<br \/>\nLa politique de confidentialit\u00e9 fait partie int\u00e9grante des Conditions G\u00e9n\u00e9rales d\u2019Utilisation du Site. L\u2019utilisation du Site implique l\u2019acceptation des CGU incluant la pr\u00e9sente politique de confidentialit\u00e9.<\/p>\n<p><strong>4.1.\u200bNature des donn\u00e9es collect\u00e9es<\/strong><\/p>\n<p>Les &#8221; Donn\u00e9es personnelles &#8221; consiste dans toute information relative \u00e0 une personne physique identifi\u00e9e ou identifiable, directement ou indirectement, notamment par l\u2019interm\u00e9diaire d\u2019informations compl\u00e9mentaires. Ces donn\u00e9es comprennent les donn\u00e9es \u00e0 caract\u00e8re personnel ainsi que toutes les autres donn\u00e9es s\u2019y rattachant et qui permettent d\u2019identifier une personne physique.<\/p>\n<p>L\u2019Utilisateur pourra \u00eatre amen\u00e9 \u00e0 communiquer \u00e0 la Galerie Patrick Seguin des Donn\u00e9es personnelles lors de son inscription \u00e0 la newsletter de la Galerie Patrick Seguin via la rubrique &#8221; CONTACT \/ NEWSLETTER &#8221; du Site et\/ou pour tout message envoy\u00e9 via la rubrique &#8221; PRIX SUR DEMANDE &#8221; du Site.<\/p>\n<p>Les Donn\u00e9es personnelles ainsi collect\u00e9es par la Galerie Patrick Seguin sont :<\/p>\n<ul>\n<li style=\"text-align: left;\">des donn\u00e9es obligatoires et facultatives pour fournir les services propos\u00e9s par le Site :\n<p>Il s\u2019agit des donn\u00e9es suivantes : nom et adresse mail de l\u2019Utilisateur.<\/p>\n<p>Ces Donn\u00e9es personnelles permettront directement ou indirectement \u00e0 la Galerie Patrick Seguin d&#8217;identifier et d&#8217;am\u00e9liorer les connaissances des internautes et de leur envoyer sa newsletter et\/ou de r\u00e9pondre \u00e0 leurs messages. Lorsque l&#8217;internaute divulgue des Donn\u00e9es personnelles, il r\u00e9pondra aux questions pos\u00e9es lors de son inscription \u00e0 la newsletter de la Galerie Patrick Seguin et communiquera ainsi des informations pr\u00e9cises, sans pr\u00e9judice des int\u00e9r\u00eats ou des droits des tiers.<\/p>\n<\/li>\n<li>des donn\u00e9es techniques et cookies\n<p>La Galerie Patrick Seguin est susceptible de collecter automatiquement des donn\u00e9es dites techniques telles que les donn\u00e9es de connexion ou l\u2019adresse IP conform\u00e9ment \u00e0 la R\u00e8glementation applicable.<br \/>\nLa Galerie Patrick Seguin est \u00e9galement susceptible de collecter automatiquement des donn\u00e9es par l\u2019interm\u00e9diaire de cookies ou de traceurs (cf. \u00a74.9 sur les cookies ci-dessous).<\/li>\n<\/ul>\n<p><strong>4.2.\u200bFinalit\u00e9s des donn\u00e9es collect\u00e9es<\/strong><\/p>\n<p>La Galerie Patrick Seguin collecte ces Donn\u00e9es personnelles pour des finalit\u00e9s d\u00e9termin\u00e9es, et notamment aux fins de :<\/p>\n<ul>\n<li>\u200bfournir les informations et les services demand\u00e9s par l\u2019Utilisateur, et notamment lui permettre de s\u2019inscrire et recevoir la newsletter de la Galerie Patrick Seguin,<\/li>\n<li>r\u00e9pondre aux demandes de contact et fournir \u00e0 l\u2019Utilisateur toute information dont il demanderait la communication,<\/li>\n<li>\u200bpermettre la gestion, la modification et l\u2019am\u00e9lioration du Site et de son fonctionnement,<\/li>\n<li>\u200bs\u2019assurer du respect des dispositions l\u00e9gales et r\u00e8glementaires applicables ainsi que des pr\u00e9sentes CGU,<\/li>\n<li>\u200bpermettre toute autre finalit\u00e9 pr\u00e9cis\u00e9e lors de la collecte des donn\u00e9es.<\/li>\n<\/ul>\n<p>\n<strong>4.3.\u200bBase l\u00e9gale du traitement \/ Consentement<\/strong><br \/>\nLe traitement des Donn\u00e9es personnelles a pour base l\u00e9gale l\u2019ex\u00e9cution des CGU.<br \/>\nAucune Donn\u00e9e personnelle n&#8217;est collect\u00e9e sans le consentement des Utilisateurs. La nature facultative ou obligatoire des mentions \u00e0 communiquer \u00e0 la Galerie Patrick Seguin dans le cadre de la collecte effectu\u00e9e sur le Site sera pr\u00e9alablement indiqu\u00e9e aux Utilisateurs. Ces derniers ne sont aucunement contraints de transmettre \u00e0 la Galerie Patrick Seguin des Donn\u00e9es \u00e0 caract\u00e8re personnel.<\/p>\n<p><strong>4.4.\u200bIdentit\u00e9 du responsable du traitement de donn\u00e9es \u00e0 caract\u00e8re personnel<\/strong><br \/>\nLa Galerie Patrick Seguin est responsable de la collecte et du traitement des Donn\u00e9es \u00e0 caract\u00e8re personnel effectu\u00e9s sur le Site.<\/p>\n<p><strong>4.5.\u200bDestinataire(s) des Donn\u00e9es \u00e0 caract\u00e8re personnel<\/strong><br \/>\nLa Galerie Patrick Seguin est la seule destinataire des Donn\u00e9es \u00e0 caract\u00e8re personnel collect\u00e9es sur le Site.<br \/>\nLa Galerie Patrick Seguin ne transmet les Donn\u00e9es personnelles \u00e0 un tiers que lorsque :<\/p>\n<ul>\n<li>\u200bL\u2019Utilisateur a donn\u00e9 son accord pr\u00e9alable pour le partage de ces informations,<\/li>\n<li>\u200bLa Galerie Patrick Seguin doit partager ces informations avec des tiers pour fournir le service demand\u00e9 par l\u2019Utilisateur,<\/li>\n<li>\u200bLa Galerie Patrick Seguin est somm\u00e9e par une autorit\u00e9 judiciaire ou toute autre autorit\u00e9 administrative de lui communiquer les informations.<\/li>\n<\/ul>\n<p><strong>4.6.\u200bDur\u00e9e de conservation des donn\u00e9es<br \/>\n<\/strong>Les Donn\u00e9es personnelles sont conserv\u00e9es pour toute la dur\u00e9e n\u00e9cessaire aux finalit\u00e9s d\u00e9crites ci-dessus et au maximum pour une dur\u00e9e de trois ans apr\u00e8s le dernier contact.<br \/>\nLes cookies accept\u00e9s sont conserv\u00e9s pour une dur\u00e9e limit\u00e9e (cf. \u00a74.9 relatif aux cookies).<br \/>\nL\u2019Utilisateur peut retirer son consentement aux traitements de ses s, pour les finalit\u00e9s bas\u00e9es sur ce fondement juridique, \u00e0 tout moment.<br \/>\nA l\u2019issue des dur\u00e9es de conservation ou \u00e0 la demande de l\u2019Utilisateur, la Galerie Patrick Seguin proc\u00e9dera \u00e0 l\u2019effacement d\u00e9finitif des Donn\u00e9es personnelles en sa possession.<br \/>\nToutefois, la Galerie Patrick Seguin pourra conserver certaines Donn\u00e9es personnelles afin de respecter se obligations l\u00e9gales et\/ou r\u00e8glementaires, ou encore si cela est n\u00e9cessaire afin de lui permettre d\u2019exercer un droit ou de se d\u00e9fendre en justice.<\/p>\n<p><strong>4.7.\u200bConservation des donn\u00e9es<\/strong><br \/>\nConform\u00e9ment \u00e0 la R\u00e8glementation applicable, la Galerie Patrick Seguin prend toutes les mesures techniques et organisationnelles appropri\u00e9es afin de garantir la protection des Donn\u00e9es personnelles des Utilisateurs et de permettre la collecte et le traitement des Donn\u00e9es personnelles dans les conditions garantissant leur confidentialit\u00e9, leur int\u00e9grit\u00e9 et de mani\u00e8re plus g\u00e9n\u00e9rale leur s\u00e9curit\u00e9. Il est toutefois rappel\u00e9 que la Galerie Patrick Seguin ne ma\u00eetrise pas les risques li\u00e9s au fonctionnement d&#8217;Internet et attire l&#8217;attention des internautes sur l&#8217;existence d&#8217;\u00e9ventuels risques en termes de confidentialit\u00e9 des Donn\u00e9es personnelles transitant via ce r\u00e9seau.<\/p>\n<p>Les Donn\u00e9es personnelles collect\u00e9es par la Galerie Patrick Seguin sont conserv\u00e9es et h\u00e9berg\u00e9es au sein de l\u2019Union europ\u00e9enne. La Galerie Patrick Seguin pr\u00e9cise n\u00e9anmoins que les Donn\u00e9es personnelles sont susceptibles d\u2019\u00eatre transf\u00e9r\u00e9es dans des pays situ\u00e9s en dehors de l\u2019Union europ\u00e9enne, ce transfert aura lieu dans le respect de la protection des Donn\u00e9es personnelles des Utilisateurs et conform\u00e9ment \u00e0 la R\u00e8glementation applicable.<\/p>\n<p><strong>4.8.\u200b Droits de l&#8217;Utilisateur<\/strong><br \/>\nConform\u00e9ment \u00e0 la R\u00e9glementation applicable, l\u2019Utilisateur dispose des droits suivants :<\/p>\n<ul>\n<li>\u200bdroit d\u2019acc\u00e8s : droit de solliciter l\u2019acc\u00e8s \u00e0 ses Donn\u00e9es personnelles et obtenir communication des d\u00e9tails des Donn\u00e9es personnelles concernant l\u2019Utilisateur sous une forme accessible et lisible,<\/li>\n<li>\u200bdroit \u00e0 la limitation : droit de demander de limiter et de restreindre le traitement de ses Donn\u00e9es personnelles,<\/li>\n<li>\u200bdroit de rectification : droit de demander la modification, la rectification ou la mise \u00e0 jour des Donn\u00e9es personnelles le concernant qui sont inexactes ou incompl\u00e8tes,<\/li>\n<li>\u200bdroit d\u2019effacement : droit de demander l\u2019effacement ou la suppression de tout ou partie des Donn\u00e9es personnelles concernant l\u2019Utilisateur sans frais,<\/li>\n<li>\u200bdroit \u00e0 la portabilit\u00e9 : droit \u00e0 la portabilit\u00e9 de ses Donn\u00e9es personnelles et d\u2019obtenir communication de celles-ci sous une forme ais\u00e9ment r\u00e9utilisable,<\/li>\n<li>\u200bdroit d\u2019opposition : droit de s\u2019opposer au traitement des Donn\u00e9es personnelles concernant l\u2019Utilisateur,<\/li>\n<li>\u200bdroit de donner des directives en cas de d\u00e9c\u00e8s : droit de donner des directives sur la conservation, l\u2019effacement et la communication des Donn\u00e9es personnelles de l\u2019Utilisateur apr\u00e8s son d\u00e9c\u00e8s,<\/li>\n<li>\u200bdroit de r\u00e9clamation : droit d\u2019introduire une r\u00e9clamation aupr\u00e8s de l\u2019autorit\u00e9 contr\u00f4le comp\u00e9tente : la Commission Nationale Informatique et Libert\u00e9s (www.CNIL.fr),<\/li>\n<li>\u200bdroit de retirer son consentement : droit de retirer, \u00e0 tout moment, son consentement.<\/li>\n<\/ul>\n<p>L\u2019Utilisateur pourra exercer ces droits en adressant :<\/p>\n<ul>\n<li>une lettre \u00e0 la Galerie Patrick Seguin : 5 rue des Taillandiers \u2013 7011 Paris<\/li>\n<li>\u200bun e-mail \u00e0 l\u2019adresse e-mail : info@galeriepatrickseguin.com<\/li>\n<\/ul>\n<p><strong>4.9.\u200b Cookies<\/strong><br \/>\nLors de la consultation du Site, des informations relatives \u00e0 la navigation du terminal de l\u2019Utilisateur (ordinateur, tablette, smartphone, etc.), sont susceptibles d&#8217;\u00eatre enregistr\u00e9es dans des fichiers &#8220;cookies&#8221; install\u00e9s sur le terminal de l\u2019internaute.<br \/>\nSeul l\u2019\u00e9metteur d&#8217;un cookie est susceptible de lire ou de modifier des informations qui y sont contenues.<br \/>\nLorsque l\u2019Utilisateur se connecte sur le Site, la Galerie Patrick Seguin peut \u00eatre amen\u00e9e \u00e0 installer divers cookies dans le terminal de l\u2019internaute lui permettant de reconna\u00eetre le navigateur pendant la dur\u00e9e de validit\u00e9 du cookie concern\u00e9. Les cookies \u00e9mis par la Galerie Patrick Seguin sont utilis\u00e9s aux fins d\u00e9crites ci-dessous, sous r\u00e9serve des choix de l\u2019internaute, qui r\u00e9sultent des param\u00e8tres du logiciel de navigation utilis\u00e9 lors de la visite du Site.<br \/>\nLes cookies \u00e9mis par le Site permettent de mettre en oeuvre des mesures de s\u00e9curit\u00e9, par exemple lorsqu\u2019il est demand\u00e9 de se connecter \u00e0 nouveau \u00e0 un contenu ou \u00e0 un service apr\u00e8s un certain laps de temps. L&#8217;\u00e9mission et l&#8217;utilisation de cookies par des tiers, sont soumises aux politiques de protection de la vie priv\u00e9e de ces tiers. La Galerie Patrick Seguin informe les Utilisateurs de l&#8217;objet des cookies dont elle a connaissance et des moyens dont les Utilisateurs disposent pour effectuer des choix \u00e0 l&#8217;\u00e9gard de ces cookies. Le cas \u00e9ch\u00e9ant, les cookies \u00e9mis par ces tiers peuvent leur permettre, pendant la dur\u00e9e de validit\u00e9 de ces cookies de comptabiliser le nombre de visites sur le Site, et de ce fait et d&#8217;\u00e9tablir des statistiques;<\/p>\n<p><strong>Choix de l\u2019Utilisateur concernant les cookies<br \/>\n<\/strong>Plusieurs possibilit\u00e9s sont offertes pour g\u00e9rer les cookies. Tout param\u00e9trage que l\u2019Utilisateur pourra entreprendre sera susceptible de modifier sa navigation sur Internet et ses conditions d&#8217;acc\u00e8s \u00e0 certains services n\u00e9cessitant l&#8217;utilisation de cookies.<br \/>\nL\u2019Utilisateur peut faire le choix \u00e0 tout moment d&#8217;exprimer et de modifier ses souhaits en mati\u00e8re de cookies, par les moyens d\u00e9crits ci-dessous. L\u2019Utilisateur peut configurer son logiciel de navigation de mani\u00e8re \u00e0 ce que des cookies soient enregistr\u00e9s dans son terminal ou, au contraire, qu&#8217;ils soient rejet\u00e9s, soit syst\u00e9matiquement, soit selon leur \u00e9metteur. L\u2019Utilisateur peut \u00e9galement configurer son logiciel de navigation de mani\u00e8re \u00e0 ce que l&#8217;acceptation ou le refus des cookies lui soient propos\u00e9s ponctuellement, avant qu&#8217;un cookie soit susceptible d&#8217;\u00eatre enregistr\u00e9 dans son terminal. Pour plus d&#8217;informations, consultez le \u00a7 4.9. c) &#8220;Comment exercer vos choix, selon le navigateur que vous utilisez ?&#8221; ci-dessous.<br \/>\n(a) L\u2019accord sur les cookies<br \/>\nL\u2019enregistrement d\u2019un cookie dans un terminal est essentiellement subordonn\u00e9 \u00e0 la volont\u00e9 de l\u2019Utilisateur du terminal, que celui-ci peut exprimer et modifier \u00e0 tout moment et gratuitement \u00e0 travers les choix qui lui sont offerts par son logiciel de navigation.<br \/>\nSi l\u2019Utilisateur a accept\u00e9 dans son logiciel de navigation l\u2019enregistrement de cookies dans son terminal, les cookies int\u00e9gr\u00e9s dans les pages et contenus que l\u2019Utilisateur a consult\u00e9s pourront \u00eatre stock\u00e9s temporairement dans un espace d\u00e9di\u00e9 de son terminal. Ils y seront lisibles uniquement par leur \u00e9metteur.<br \/>\n(b) Le refus des cookies<br \/>\nSi l\u2019Utilisateur refuse l&#8217;enregistrement de cookies dans son terminal, ou s\u2019il supprime ceux qui y sont enregistr\u00e9s, l\u2019Utilisateur ne pourra plus b\u00e9n\u00e9ficier d&#8217;un certain nombre de fonctionnalit\u00e9s qui sont n\u00e9anmoins n\u00e9cessaires pour naviguer dans certains espaces du Site. Tel serait le cas si l\u2019Utilisateur tentait d&#8217;acc\u00e9der aux contenus ou services du Site qui n\u00e9cessitent de l\u2019identifier. Tel serait \u00e9galement le cas lorsque la Galerie Patrick Seguin -ou ses prestataires- ne pourraient pas reconna\u00eetre, \u00e0 des fins de compatibilit\u00e9 technique, le type de navigateur utilis\u00e9 par le terminal de l\u2019Utilisateur, ses param\u00e8tres de langue et d&#8217;affichage ou le pays depuis lequel votre terminal semble connect\u00e9 \u00e0 Internet.<br \/>\nLe cas \u00e9ch\u00e9ant, la Galerie Patrick Seguin d\u00e9cline toute responsabilit\u00e9 pour les cons\u00e9quences li\u00e9es au fonctionnement d\u00e9grad\u00e9 de ses services r\u00e9sultant de l&#8217;impossibilit\u00e9 pour elle d&#8217;enregistrer ou de consulter les cookies n\u00e9cessaires \u00e0 leur fonctionnement et que l\u2019Utilisateur aurait refus\u00e9s ou supprim\u00e9s.<br \/>\n(c) Comment exercer ces choix, selon le navigateur utilis\u00e9 ?<br \/>\nPour la gestion des cookies et de ses choix par l\u2019Utilisateur, la configuration de chaque navigateur est diff\u00e9rente. Elle est d\u00e9crite dans le menu d&#8217;aide de son navigateur, qui lui permettra de savoir de quelle mani\u00e8re modifier ses souhaits en mati\u00e8re de cookies.<br \/>\nPour Internet Explorer&#x2122; :<br \/>\nhttp:\/\/windows.microsoft.com\/<br \/>\nPour Safari&#x2122; :<br \/>\nhttp:\/\/docs.info.apple.com\/<br \/>\nPour Chrome&#x2122; :<br \/>\nhttp:\/\/support.google.com\/<br \/>\nPour Firefox&#x2122; :<br \/>\nhttp:\/\/support.mozilla.org\/<br \/>\nPour Opera&#x2122; :<br \/>\nhttp:\/\/help.opera.com\/<\/p>\n<p><strong>5.\u200bRESPONSABILITE<\/strong><br \/>\nLa Galerie Patrick Seguin s&#8217;efforce d&#8217;assurer au mieux de ses possibilit\u00e9s l&#8217;exactitude et la mise \u00e0 jour des informations diffus\u00e9es sur le Site, dont elle se r\u00e9serve le droit de corriger, \u00e0 tout moment et sans pr\u00e9avis, le contenu. Toutefois, la Galerie Patrick Seguin ne peut garantir l&#8217;exactitude, la pr\u00e9cision et l&#8217;exhaustivit\u00e9 des informations mises \u00e0 disposition sur le Site lesquelles informations ne constituent ni une garantie ni un engagement de la part de la Galerie Patrick Seguin \u00e0 l&#8217;\u00e9gard de l&#8217;internaute. En particulier, la Galerie Patrick Seguin ne saurait \u00eatre tenue pour responsable :<\/p>\n<ul>\n<li>de toute impr\u00e9cision, inexactitude ou omission portant sur des informations disponibles sur le Site,<\/li>\n<li>\u200bde tous dommages r\u00e9sultant d&#8217;une intrusion informatique d&#8217;un tiers ayant entra\u00een\u00e9 une modification des informations mises \u00e0 disposition sur le Site,<\/li>\n<li>\u200bet plus g\u00e9n\u00e9ralement, de tous dommages, directs ou indirects, qu&#8217;elles qu&#8217;en soient les causes, origines, natures et cons\u00e9quences, provoqu\u00e9s en raison de l&#8217;acc\u00e8s de quiconque au Site ou de l&#8217;impossibilit\u00e9 d&#8217;y acc\u00e9der, de m\u00eame que de l&#8217;utilisation du Site et\/ou du cr\u00e9dit accord\u00e9 \u00e0 une quelconque information provenant directement ou indirectement de ce dernier,<\/li>\n<li>\u200bde l\u2019indisponibilit\u00e9 ou des performances du Site,<\/li>\n<li>\u200bd\u2019un gain manqu\u00e9, d\u2019une perte de chance ou de chiffre d\u2019affaires,<\/li>\n<li>\u200bdu non fonctionnement, d&#8217;une impossibilit\u00e9 d&#8217;acc\u00e8s ou de dysfonctionnements du Site imputables \u00e0 un \u00e9quipement non adapt\u00e9, \u00e0 des dysfonctionnements des services du fournisseur d&#8217;acc\u00e8s des Utilisateurs, \u00e0 ceux du r\u00e9seau internet.<\/li>\n<\/ul>\n<p>La Galerie Patrick Seguin se r\u00e9serve le droit d\u2019interrompre l\u2019acc\u00e8s \u00e0 tout ou partie du Site, \u00e0 tout ou partie des Utilisateurs, de fa\u00e7on temporaire pour des raisons de maintenance visant le bon fonctionnement du Site, sans pr\u00e9avis et sans que cette interruption puisse donner droit \u00e0 une quelconque indemnit\u00e9 pour l\u2019Utilisateur.<br \/>\nL\u2019Utilisateur d\u00e9clare accepter les caract\u00e9ristiques et les limites d\u2019Internet, et notamment reconna\u00eet que les donn\u00e9es circulant sur Internet ne sont pas prot\u00e9g\u00e9es contre les d\u00e9tournements \u00e9ventuels.<\/p>\n<p><strong>6.\u200bDIVERS<\/strong><br \/>\nDans l&#8217;hypoth\u00e8se o\u00f9 l&#8217;un des termes des CGU serait consid\u00e9r\u00e9 comme ill\u00e9gal ou inopposable par une d\u00e9cision de justice, les autres dispositions resteraient valables.<br \/>\nLes registres informatis\u00e9s de la Galerie Patrick Seguin seront consid\u00e9r\u00e9s par les parties comme preuve des communications, commandes, paiements et transactions intervenus entre les parties.<\/p>\n<p><strong>7.\u200bLOI APPLICABLE \u2013 LITIGES<\/strong><br \/>\nLes pr\u00e9sentes mentions sont \u00e9tablies en conformit\u00e9 avec le droit fran\u00e7ais et notamment des dispositions de la loi n\u00b02004-575 du 21 juin 2004 pour la confiance dans l&#8217;\u00e9conomie num\u00e9rique et de la loi n\u00b078-17 du 6 janvier 1978 relative \u00e0 l\u2019informatique, aux fichiers et aux libert\u00e9s. Les juridictions fran\u00e7aises sont territorialement comp\u00e9tentes pour conna\u00eetre de tout litige aff\u00e9rent \u00e0 l&#8217;utilisation du Site.<br \/>\nPour toute question que l&#8217;internaute pourrait se poser sur l&#8217;utilisation du Site et\/ou sur les pr\u00e9sentes mentions, pour toute demande qu&#8217;il pourrait souhaiter adresser \u00e0 Galerie Patrick Seguin, il peut lui adresser un courrier \u00e9lectronique \u00e0 l&#8217;adresse suivante : info@patrickseguin.com.<\/p>\n","protected":false},"excerpt":{"rendered":"<p>I. MENTIONS LEGALES Le pr\u00e9sent site www.patrickseguin.com est \u00e9dit\u00e9 par la soci\u00e9t\u00e9 Bergerot agissant sous le nom commercial \u00ab Galerie Patrick Seguin \u00bb, soci\u00e9t\u00e9 \u00e0 responsabilit\u00e9 limit\u00e9e au capital social de 105.203 Euros, immatricul\u00e9e au Registre du Commerce et des Soci\u00e9t\u00e9s de Paris sous le num\u00e9ro 350.750.303, dont le si\u00e8ge social est situ\u00e9 5, rue [&hellip;]<\/p>\n","protected":false},"author":3,"featured_media":0,"parent":0,"menu_order":0,"comment_status":"closed","ping_status":"closed","template":"","meta":{"_acf_changed":false,"footnotes":""},"class_list":["post-14632","page","type-page","status-publish","hentry"],"acf":[],"yoast_head":"<!-- This site is optimized with the Yoast SEO plugin v27.5 - https:\/\/yoast.com\/product\/yoast-seo-wordpress\/ -->\n<title>Conditions G\u00e9n\u00e9rales d&#039;Utilisation - Galerie Patrick Seguin<\/title>\n<meta name=\"robots\" content=\"index, follow, max-snippet:-1, max-image-preview:large, max-video-preview:-1\" \/>\n<link rel=\"canonical\" href=\"https:\/\/www.patrickseguin.com\/en\/cgu\/\" \/>\n<meta property=\"og:locale\" content=\"en_US\" \/>\n<meta property=\"og:type\" content=\"article\" \/>\n<meta property=\"og:title\" content=\"Conditions G\u00e9n\u00e9rales d&#039;Utilisation - Galerie Patrick Seguin\" \/>\n<meta property=\"og:description\" content=\"I. MENTIONS LEGALES Le pr\u00e9sent site www.patrickseguin.com est \u00e9dit\u00e9 par la soci\u00e9t\u00e9 Bergerot agissant sous le nom commercial \u00ab Galerie Patrick Seguin \u00bb, soci\u00e9t\u00e9 \u00e0 responsabilit\u00e9 limit\u00e9e au capital social de 105.203 Euros, immatricul\u00e9e au Registre du Commerce et des Soci\u00e9t\u00e9s de Paris sous le num\u00e9ro 350.750.303, dont le si\u00e8ge social est situ\u00e9 5, rue [&hellip;]\" \/>\n<meta property=\"og:url\" content=\"https:\/\/www.patrickseguin.com\/en\/cgu\/\" \/>\n<meta property=\"og:site_name\" content=\"Patrick Seguin\" \/>\n<meta property=\"article:publisher\" content=\"https:\/\/www.facebook.com\/galeriepatrickseguin\" \/>\n<meta property=\"article:modified_time\" content=\"2020-06-09T12:05:15+00:00\" \/>\n<meta name=\"twitter:card\" content=\"summary_large_image\" \/>\n<meta name=\"twitter:site\" content=\"@GaleriePSeguin\" \/>\n<meta name=\"twitter:label1\" content=\"Est. reading time\" \/>\n\t<meta name=\"twitter:data1\" content=\"17 minutes\" \/>\n<script type=\"application\/ld+json\" class=\"yoast-schema-graph\">{\"@context\":\"https:\\\/\\\/schema.org\",\"@graph\":[{\"@type\":\"WebPage\",\"@id\":\"https:\\\/\\\/www.patrickseguin.com\\\/en\\\/cgu\\\/\",\"url\":\"https:\\\/\\\/www.patrickseguin.com\\\/en\\\/cgu\\\/\",\"name\":\"Conditions G\u00e9n\u00e9rales d'Utilisation - Galerie Patrick Seguin\",\"isPartOf\":{\"@id\":\"https:\\\/\\\/www.patrickseguin.com\\\/en\\\/#website\"},\"datePublished\":\"2020-06-09T12:04:47+00:00\",\"dateModified\":\"2020-06-09T12:05:15+00:00\",\"inLanguage\":\"en-US\",\"potentialAction\":[{\"@type\":\"ReadAction\",\"target\":[\"https:\\\/\\\/www.patrickseguin.com\\\/en\\\/cgu\\\/\"]}]},{\"@type\":\"WebSite\",\"@id\":\"https:\\\/\\\/www.patrickseguin.com\\\/en\\\/#website\",\"url\":\"https:\\\/\\\/www.patrickseguin.com\\\/en\\\/\",\"name\":\"Galerie Patrick Seguin\",\"description\":\"\",\"publisher\":{\"@id\":\"https:\\\/\\\/www.patrickseguin.com\\\/en\\\/#organization\"},\"potentialAction\":[{\"@type\":\"SearchAction\",\"target\":{\"@type\":\"EntryPoint\",\"urlTemplate\":\"https:\\\/\\\/www.patrickseguin.com\\\/en\\\/?s={search_term_string}\"},\"query-input\":{\"@type\":\"PropertyValueSpecification\",\"valueRequired\":true,\"valueName\":\"search_term_string\"}}],\"inLanguage\":\"en-US\"},{\"@type\":\"Organization\",\"@id\":\"https:\\\/\\\/www.patrickseguin.com\\\/en\\\/#organization\",\"name\":\"Galerie Patrick Seguin\",\"url\":\"https:\\\/\\\/www.patrickseguin.com\\\/en\\\/\",\"logo\":{\"@type\":\"ImageObject\",\"inLanguage\":\"en-US\",\"@id\":\"https:\\\/\\\/www.patrickseguin.com\\\/en\\\/#\\\/schema\\\/logo\\\/image\\\/\",\"url\":\"https:\\\/\\\/www.patrickseguin.com\\\/wp-content\\\/uploads\\\/2020\\\/06\\\/ELEMENTSPOURMAX-25.png\",\"contentUrl\":\"https:\\\/\\\/www.patrickseguin.com\\\/wp-content\\\/uploads\\\/2020\\\/06\\\/ELEMENTSPOURMAX-25.png\",\"width\":2226,\"height\":122,\"caption\":\"Galerie Patrick Seguin\"},\"image\":{\"@id\":\"https:\\\/\\\/www.patrickseguin.com\\\/en\\\/#\\\/schema\\\/logo\\\/image\\\/\"},\"sameAs\":[\"https:\\\/\\\/www.facebook.com\\\/galeriepatrickseguin\",\"https:\\\/\\\/x.com\\\/GaleriePSeguin\"]}]}<\/script>\n<!-- \/ Yoast SEO plugin. -->","yoast_head_json":{"title":"Conditions G\u00e9n\u00e9rales d'Utilisation - Galerie Patrick Seguin","robots":{"index":"index","follow":"follow","max-snippet":"max-snippet:-1","max-image-preview":"max-image-preview:large","max-video-preview":"max-video-preview:-1"},"canonical":"https:\/\/www.patrickseguin.com\/en\/cgu\/","og_locale":"en_US","og_type":"article","og_title":"Conditions G\u00e9n\u00e9rales d'Utilisation - Galerie Patrick Seguin","og_description":"I. MENTIONS LEGALES Le pr\u00e9sent site www.patrickseguin.com est \u00e9dit\u00e9 par la soci\u00e9t\u00e9 Bergerot agissant sous le nom commercial \u00ab Galerie Patrick Seguin \u00bb, soci\u00e9t\u00e9 \u00e0 responsabilit\u00e9 limit\u00e9e au capital social de 105.203 Euros, immatricul\u00e9e au Registre du Commerce et des Soci\u00e9t\u00e9s de Paris sous le num\u00e9ro 350.750.303, dont le si\u00e8ge social est situ\u00e9 5, rue [&hellip;]","og_url":"https:\/\/www.patrickseguin.com\/en\/cgu\/","og_site_name":"Patrick Seguin","article_publisher":"https:\/\/www.facebook.com\/galeriepatrickseguin","article_modified_time":"2020-06-09T12:05:15+00:00","twitter_card":"summary_large_image","twitter_site":"@GaleriePSeguin","twitter_misc":{"Est. reading time":"17 minutes"},"schema":{"@context":"https:\/\/schema.org","@graph":[{"@type":"WebPage","@id":"https:\/\/www.patrickseguin.com\/en\/cgu\/","url":"https:\/\/www.patrickseguin.com\/en\/cgu\/","name":"Conditions G\u00e9n\u00e9rales d'Utilisation - Galerie Patrick Seguin","isPartOf":{"@id":"https:\/\/www.patrickseguin.com\/en\/#website"},"datePublished":"2020-06-09T12:04:47+00:00","dateModified":"2020-06-09T12:05:15+00:00","inLanguage":"en-US","potentialAction":[{"@type":"ReadAction","target":["https:\/\/www.patrickseguin.com\/en\/cgu\/"]}]},{"@type":"WebSite","@id":"https:\/\/www.patrickseguin.com\/en\/#website","url":"https:\/\/www.patrickseguin.com\/en\/","name":"Galerie Patrick Seguin","description":"","publisher":{"@id":"https:\/\/www.patrickseguin.com\/en\/#organization"},"potentialAction":[{"@type":"SearchAction","target":{"@type":"EntryPoint","urlTemplate":"https:\/\/www.patrickseguin.com\/en\/?s={search_term_string}"},"query-input":{"@type":"PropertyValueSpecification","valueRequired":true,"valueName":"search_term_string"}}],"inLanguage":"en-US"},{"@type":"Organization","@id":"https:\/\/www.patrickseguin.com\/en\/#organization","name":"Galerie Patrick Seguin","url":"https:\/\/www.patrickseguin.com\/en\/","logo":{"@type":"ImageObject","inLanguage":"en-US","@id":"https:\/\/www.patrickseguin.com\/en\/#\/schema\/logo\/image\/","url":"https:\/\/www.patrickseguin.com\/wp-content\/uploads\/2020\/06\/ELEMENTSPOURMAX-25.png","contentUrl":"https:\/\/www.patrickseguin.com\/wp-content\/uploads\/2020\/06\/ELEMENTSPOURMAX-25.png","width":2226,"height":122,"caption":"Galerie Patrick Seguin"},"image":{"@id":"https:\/\/www.patrickseguin.com\/en\/#\/schema\/logo\/image\/"},"sameAs":["https:\/\/www.facebook.com\/galeriepatrickseguin","https:\/\/x.com\/GaleriePSeguin"]}]}},"_links":{"self":[{"href":"https:\/\/www.patrickseguin.com\/en\/wp-json\/wp\/v2\/pages\/14632","targetHints":{"allow":["GET"]}}],"collection":[{"href":"https:\/\/www.patrickseguin.com\/en\/wp-json\/wp\/v2\/pages"}],"about":[{"href":"https:\/\/www.patrickseguin.com\/en\/wp-json\/wp\/v2\/types\/page"}],"author":[{"embeddable":true,"href":"https:\/\/www.patrickseguin.com\/en\/wp-json\/wp\/v2\/users\/3"}],"replies":[{"embeddable":true,"href":"https:\/\/www.patrickseguin.com\/en\/wp-json\/wp\/v2\/comments?post=14632"}],"version-history":[{"count":0,"href":"https:\/\/www.patrickseguin.com\/en\/wp-json\/wp\/v2\/pages\/14632\/revisions"}],"wp:attachment":[{"href":"https:\/\/www.patrickseguin.com\/en\/wp-json\/wp\/v2\/media?parent=14632"}],"curies":[{"name":"wp","href":"https:\/\/api.w.org\/{rel}","templated":true}]}}