{"id":36592,"date":"2016-02-18T17:01:54","date_gmt":"2016-02-18T16:01:54","guid":{"rendered":"https:\/\/www.patrickseguin.com\/cv-le-corbusier-2\/"},"modified":"2025-08-28T13:30:07","modified_gmt":"2025-08-28T12:30:07","slug":"cv-le-corbusier-2","status":"publish","type":"page","link":"https:\/\/www.patrickseguin.com\/en\/cv-le-corbusier-2\/","title":{"rendered":"cv-le-corbusier"},"content":{"rendered":"<p><strong>1887<\/strong> <br \/>\n6 October: birth in La Chaux-de-Fonds of Charles-\u00c9douard Jeanneret, son of Georges-\u00c9douard Jeanneret, watch engraver and enameler, and Marie Charlotte Am\u00e9lie Jeanneret-Perret, musician.<\/p>\n<p><strong>1904<\/strong> <br \/>\nBegins studies in interior design under Charles L\u2019Eplattenier, who interests him in architecture.<\/p>\n<p><strong>1905<\/strong> <br \/>\nCommissioned by Louis Fallet to build a house in La Chaux-de-Fonds, in association with architect Ren\u00e9 Chapallaz.<\/p>\n<p><strong>1907<\/strong> <br \/>\nIn September he leaves for two and half months in Italy: Milan, Florence, Venice and elsewhere. November: travels to Vienna via Budapest. Spends four months in Vienna: draws up plans for the Stotzer and Jacquemet houses in La Chaux-de-Fonds. <\/p>\n<p><strong>1908<\/strong> <br \/>\nIn Vienna he meets Josef Hoffmann and the artists Moser and Klimt. March: travels to Paris via Nuremberg, Munich, Strasbourg, and Nancy.<br \/>\nMeets Tony Garnier in Lyon. In Paris he visits Jourdain, Plumet, Sauvage, and Grasset. Begins working for Auguste and Gustave Perret as a part-time draftsman. <\/p>\n<p><strong>1909<\/strong> <br \/>\nFall: returns to La Chaux-de-Fonds for the building of the Stotzer and Jacquemet houses.<\/p>\n<p><strong>1910<\/strong> Founding of the Ateliers d\u2019Arts R\u00e9unis pour L\u2019Am\u00e9lioration de l\u2019Art (United Studios for the Improvement of Art). April: after a study trip to Germany he will publish A Study of the Decorative Art Movement in Germany in 1912. Winter: works for five months in Peter Behrens\u2019 architecture practice in Berlin. Meets Ludwig Mies Van der Rohe and Walter Gropius. <\/p>\n<p><strong>1911<\/strong> <br \/>\nHe meets Heinrich Tessenow, architect of the garden city of Hellerau. May: with his friend and art history student Auguste Klipstein he leaves Dresden for Prague, Vienna, Budapest, Belgrade, Bucharest, Tarnovo, Gabrovo, Kasanlik, Istanbul, Mount Athos (a 21-day stay), Athens and Southern Italy. The trip results in numerous drawings and sketches, six full notebooks, and several hundred photographs. Writes articles excerpted from his notebooks for the Chaux-de-Fonds magazine La Feuille d\u2019avis. October: returns to La Chaux-de-Fonds to set up a new section of the art school with Charles L\u2019Eplattenier. <\/p>\n<p><strong>1912<\/strong> <br \/>\nBuilds Villa Jeanneret-Perret in La Chaux-de-Fonds and Villa Favre-Jacot at Le Locle.<\/p>\n<p><strong>1913<\/strong> <br \/>\nFirst exhibition: The Language of Stones, ten watercolors at the Salon d\u2019Automne in Paris.<\/p>\n<p><strong>1914<\/strong> <br \/>\nGoes to Cologne for the Werkbund exhibition. Preliminary studies for his Dom-Ino house. <\/p>\n<p><strong>1915<\/strong> <br \/>\nWorks on the manuscript of La construction des villes.<\/p>\n<p><strong>1916<\/strong> <br \/>\nBuilds the Schwob house (known as \u201cVilla Turque\u201d) and the La Scala cinema in La Chaux-de-Fonds.<\/p>\n<p><strong>1917<\/strong> <br \/>\nLeaves La Chaux-de-Fonds definitively. Paris: opens his first architecture studio at 20 Rue de Belzunce, then at 29 Rue d\u2019Astorg. Lives at 20 Rue Jacob until 1933. <\/p>\n<p><strong>1918<\/strong> <br \/>\nThrough Auguste Perret he meets painter Am\u00e9d\u00e9e Ozenfant and other artists including Braque, Juan Gris, Picasso, and Lipchitz. First painting: The Fireplace. \u201cPurist\u201d exhibition with Ozenfant at Galerie Thomas in Paris. <\/p>\n<p><strong>1919<\/strong> <br \/>\nStarts the magazine L\u2019Esprit nouveau with Ozenfant and Paul Derm\u00e9e.<\/p>\n<p><strong>1920<\/strong> <br \/>\nMeets Fernand L\u00e9ger. Begins calling himself Le Corbusier, a name borrowed from an Albigensian ancestor. <\/p>\n<p><strong>1921<\/strong> <br \/>\nHe and Ozenfant buy Cubist pictures for Raoul La Roche at the Kahnweiler sale. Exhibits at Galerie Druet. Travels to Rome with Ozenfant. <\/p>\n<p><strong>1922<\/strong> <br \/>\nBegins his partnership with his cousin, Pierre Jeanneret. Gives his first lecture at the Sorbonne. Meets Monaco model Yvonne Gallis, whom he will marry in1930. Shows the plans for his Contemporary City of Three Million People at the Salon d\u2019Automne. Builds Villa Besnus at Vaucresson and Ozenfant\u2019s house\/studio in Paris. Works on various projects: the Citrohan house, villa-blocks, etc. <\/p>\n<p><strong>1923<\/strong> <br \/>\nPublishes Towards a New Architecture. Exhibition Jeanneret-Ozenfant at L\u00e9once Rosenberg\u2019s L\u2019Effort Moderne gallery. Builds the La Roche and Jeanneret houses in Paris and Auteuil and Le Lac (\u201cThe Little House\u201d) in Corseaux. <\/p>\n<p><strong>1924<\/strong> <br \/>\nMoves his practice to 35 Rue de S\u00e8vres, Paris 6. Lectures in Geneva, Lausanne, and Prague. Publishes Urbanisme.<br \/>\nBuilds workers\u2019 houses in L\u00e8ge, near Bordeaux and<br \/>\nLipchitz-Miestchaninoff houses in Boulogne-sur-Seine. <\/p>\n<p><strong>1925<\/strong> <br \/>\nPublishes The Decorative Art of Today, Almanach d\u2019architecture moderne, and La Peinture moderne (with Ozenfant).<br \/>\nBuilds the Pavillon de L\u2019Esprit nouveau in Paris and the Frug\u00e8s housing estate in Pessac. Works on his Plan Voisin for Paris and the Meyer house. <\/p>\n<p><strong>1926<\/strong> <br \/>\n11 April: death of his father, Georges-\u00c9douard Jeanneret. Publishes Architecture d\u2019\u00e9poque machiniste. Builds Villa Cook (Boulogne-sur-Seine), the Guiette house (Antwerp), the Ternisien house (Boulogne-sur-Seine) and the Salvation Army People\u2019s Palace in Paris. <\/p>\n<p><strong>1927<\/strong> <br \/>\nLectures in Madrid, Barcelona (where he visits buildings by Antoni Gaud\u00ed), Brussels, and Frankfurt. Enters the competition for the League of Nations building in Geneva. Is awarded equal first prize, but his project is turned down. Builds Villa Stein-de-Monzie (Garches), the Planeix house (Paris) and houses in Weissenhof (Stuttgart). <\/p>\n<p><strong>1928<\/strong> <br \/>\nHelps found the CIAM (International Congresses for International Architecture) in La Sarraz, Switzerland. Publishes Une Maison \u2013 Un Palais (A House \u2013 A Palace). Lectures in Prague and Moscow. Builds Villa Baizeau (Carthage, Tunisia), Villa Church (Ville d\u2019Avray), and exhibition pavilions for Nestl\u00e9 (Paris) and Centrosoyus (Moscow). <\/p>\n<p><strong>1929<\/strong> <br \/>\nTravels in South America. A series of ten lectures in Buenos Aires, Montevideo, Rio de Janeiro and S\u00e3o Paolo. He shows furniture at the Salon d\u2019Automne, together with Charlotte Perriand and Pierre Jeanneret. 2nd CIAM congress in Frankfurt. Builds Villa Savoye (Poissy), works on the Mundaneum knowledge center and town planning in South America. <\/p>\n<p><strong>1930<\/strong> <br \/>\nTakes out French Nationality. 18 December: marries Yvonne Gallis. Trip to Moscow (meets Meyerhold, Tairov, and Eisenstein). Travels in Spain with Fernand L\u00e9ger and Pierre and Albert Jeanneret. 3rd CIAM congress in Brussels. Publishes Precisions: On the Present State of Architecture and City Planning. Works for the magazine Plans. Builds the Beistegui apartment (Paris), Villa de Mandrot (Le Pradet), the Clart\u00e9 apartment block (Geneva) and the Swiss pavilion at the Cit\u00e9 Universitaire in Paris. Town planning projects for Algiers, studies for the \u201cVille Radieuse\u201d and for the Palace of the Soviets in Moscow. <\/p>\n<p><strong>1931<\/strong> <br \/>\nTravels in Spain with Pierre Jeanneret, then continues on to Morocco and Algeria. Visits the MZab in the northern Sahara. Builds an apartment block on Rue Nungesser-et-Coli (Boulogne-sur-Seine). <\/p>\n<p><strong>1932<\/strong> <br \/>\nEnters the preliminary competition for the International Exhibition of Art and Technology in Modern Life, scheduled for Paris in 1937.<br \/>\nLectures in Stockholm, Oslo, Gothenberg, Antwerp, Algiers, Barcelona. <\/p>\n<p><strong>1933<\/strong> <br \/>\nHonorary doctorate from the University of Zurich. 4th CIAM congress in Athens. Contributes to the Athens Charter. <\/p>\n<p><strong>1934<\/strong> <br \/>\nMoves into his apartment-studio-terrace on the 8th floor of 24 Rue Nungesser-et-Coli (Boulogne-sur-Seine). Lectures in Rome, Milan, Algiers, Barcelona. Frequent trips to Algiers. <\/p>\n<p><strong>1935<\/strong> <br \/>\nPublishes Aircraft and The Radiant City. At the invitation of MoMA in New York, he lectures in Boston, Chicago, Philadelphia, Madison, Hartford and other cities. Trip to Zlin in Czechoslovakia for a town planning project. Meets Joseph Savina. Louis Carr\u00e9 presents an exhibition of primitive art in Le Corbusier\u2019s apartment. Builds the weekend house at La Celle-Saint-Cloud and the villa Le Sextant at Les Mathes. <\/p>\n<p><strong>1936<\/strong> <br \/>\nSecond trip to South America, aboard the Graf-Zeppelin. Lectures in Rio. Studies for a 100,000-seat stadium in Paris. Paints a mural in the home of his friend Jean Badovici in V\u00e9zelay. First tapestry for Marie Cuttoli. <\/p>\n<p><strong>1937<\/strong> <br \/>\nIs made a Knight of the Legion of Honor. Honorary member of the Royal Institute of British Architects (RIBA). 5th CIAM congress in Paris Publishes When the Cathedrals Were White. Works on his plan of Paris and his Cartesian apartment block. Builds the Pavillon des Temps Nouveaux at the International Exhibition in Paris. <\/p>\n<p><strong>1938<\/strong> <br \/>\nShows his paintings at the Zurich Kunsthaus and Galerie Louis Carr\u00e9 in Paris. Publishes Des canons, des munitions? Merci! Des logis s.v.p. (Guns and ammunition? No thanks! Give us housing please) and L\u2019Il\u00f4t insalubre n\u00ba 6. (Unsanitary Zone no. 6). Paints eight frescoes in Villa E-1027, the home of Eileen Gray and Jean Badovici at Roquebrune-Cap-Martin. <\/p>\n<p><strong>1939<\/strong> <br \/>\nMeets Jean Giraudoux at the launch of the Committee for Preparatory Urban Studies (CEPU). Awarded an honorary degree by the Royal Academy of Fine Arts in Stockholm. Publishes \u201cLe Lyrisme des Temps nouveaux\u201d and \u201cL\u2019Urbanisme\u201d in the magazine Le Point. <\/p>\n<p><strong>1940<\/strong> <br \/>\n11 June: he shuts down the studio at 35 Rue de S\u00e8vres and leaves for Ozon in the Pyrenees with his wife and Pierre Jeanneret.<\/p>\n<p><strong>1941<\/strong> <br \/>\nLong stay in Vichy. Publishes Destin de Paris and Sur les quatre routes. <\/p>\n<p><strong>1942<\/strong> <br \/>\nFounds ASCORAL (Constructors United for a Regenerated Architecture). Official trip to Algiers. Reopens the Rue de S\u00e8vres studio.<br \/>\nPublishes La Maison des Hommes with Fran\u00e7ois de Pierrefeu and Les Constructions Murondins. <\/p>\n<p><strong>1943<\/strong> <br \/>\nBegins working with Joseph Savina. Publishes Entretiens avec les \u00e9tudiants des \u00e9coles d\u2019architecture and The Athens Charter. <\/p>\n<p><strong>1944<\/strong> <br \/>\nResearch on the Unit\u00e9s d\u2019habitation.<\/p>\n<p><strong>1945<\/strong> <br \/>\nFounds ATBAT (The Builders\u2019 Studio). Meets Eug\u00e8ne Claudius-Petit, future minister of Reconstruction and Town Planning. Leaves for New York aboard the liberty ship Vernon S. Hood: works on the Modulor with Gerald Hanning. Publication of The Three Human Establishements. <\/p>\n<p><strong>1946<\/strong> <br \/>\nVisits Princeton University. Meets Albert Einstein. Publishes Concerning Town Planning. <\/p>\n<p><strong>1947<\/strong> <br \/>\nConsultant for the committee organizing the building of the United Nations headquarters in New York. 6th CIAM congress in Bridgewater.<br \/>\nPublishes U.N. Headquarters. Builds the Claude &amp; Duval factory (Saint-Di\u00e9) and lays the first stone for the Unit\u00e9 d\u2019Habitation in Marseille. <\/p>\n<p><strong>1948<\/strong> <br \/>\nA number of exhibitions in the United States: at the Paul Rosenberg Gallery in New York and the Institute of Contemporary Art in Boston, then Detroit, San Francisco, Colorado Springs, Cleveland and other cities. Begins working on tapestries with Pierre Baudouin. Paints a mural for the Swiss pavilion at the Cit\u00e9 Universitaire in Paris. Paints a mural in the Rue de S\u00e8vres studio at the request of his staff. <\/p>\n<p><strong>1949<\/strong> <br \/>\nSigns a contract with the Colombian authorities for a town-planning study for Bogot\u00e1. 7th CIAM congress in Bergamo. Builds Villa Curutchet in La Plata, Argentina. Visits the Unit\u00e9 d\u2019Habitation in Marseille with Picasso.<\/p>\n<p><strong>1950<\/strong> <br \/>\nFirst sketches for the chapel at Ronchamp. Is made a consultant for the Punjab government and the creation of its new capital, with Pierre Jeanneret, Maxwell Fry and Jane Drew. Publishes Modulor I, Po\u00e9sie sur Alger and The Marseilles Block. Builds his Cabanon at Roquebrune-Cap-Martin, his habitual summer retreat. <\/p>\n<p><strong>1951<\/strong> <br \/>\n18 February: first trip to India. Visits Chandigarh and Ahmedabad. 8th CIAM conference in Hoddesdon. Lectures in Bogot\u00e1. Spends time in New York and works with Constantino Nivola on sand sculptures and murals. His proposal for the UNESCO headquarters in Paris is turned<br \/>\ndown. Exhibits at MoMA, New York. Presentation of his Open Hand monument in Chandigarh. Builds the Notre-Dame-du-Haut chapel (Ronchamp), the Shodan and Sarabhai villas (Ahmedabad), the Museum (Ahmedabad), and the Mill Owners\u2019 Association building<br \/>\n(Ahmedabad). November: second trip to India. Begins planning his projects for Chandigarh: Legislative Assembly, High Court, Governor\u2019s Residence, Secretariat, Museum. Lectures at the Milan Triennial. <\/p>\n<p><strong>1952<\/strong> <br \/>\nIs made a Commander of the Legion of Honor. March: third trip to India. 14 October: official opening of the Unit\u00e9 d\u2019Habitation<br \/>\nin Marseille. Builds the Jaoul houses (Neuilly-sur-Seine) and a Unit\u00e9 d\u2019Habitation (Rez\u00e9-les-Nantes). <\/p>\n<p><strong>1953<\/strong> <br \/>\nAppointed to the five-member supervision committee for the UNESCO project in Paris, with Gropius, Breuer, Markelius and Rogers. 9th CIAM congress in Aix-en-Provence. Exhibits at the Mus\u00e9e d\u2019Art Moderne in Paris. Builds the Sainte-Marie de la Tourette priory (Eveux). <\/p>\n<p><strong>1954<\/strong> <br \/>\nNovember: goes to Japan for the Museum of Western Art project in Tokyo.<\/p>\n<p><strong>1955<\/strong> <br \/>\nReceives an honorary doctorate from the Ecole Polytechnique F\u00e9d\u00e9rale in Zurich. Official opening of the chapel at Ronchamp and the Unit\u00e9 d\u2019Habitation in Rez\u00e9. Trip to Chandigarh for the opening of the High Court by Nehru. Publishes The Poem of the Right Angle, Modulor 2, and L\u2019Architecture du bonheur \u2013 L\u2019urbanisme est une clef. <\/p>\n<p><strong>1956<\/strong> <br \/>\nHe turns down a teaching post at the Ecole des Beaux-arts in Paris.<\/p>\n<p><strong>1957<\/strong> <br \/>\n5 October: death of his wife Yvonne. \u201cTen Cities\u201d: a major retrospective curated by Willy Boesiger in Zurich, Berlin, Munich, Frankfurt, Vienna, The Hague, Paris, etc. Exhibits in the art museum in La Chaux-de-Fonds.Is made an honorary citizen of La Chaux-de-Fonds. Member of the Royal Academy of Fine Arts in Copenhagen. Commander of Arts and Letters (France). Publishes Von der Poesie des Bauens and Ronchamp. Buildings: Unit\u00e9 d\u2019Habitation (Berlin), Brazil pavilion at the Cit\u00e9 Universitaire (Paris) with Lucio Costa, Unit\u00e9 d\u2019Habitation (Briey-en-For\u00eat) and the Museum of Western Art (Tokyo). <\/p>\n<p><strong>1958<\/strong> <br \/>\nTrip to the United States. Builds the Philips Pavilion at the World\u2019s Fair in Brussels. Awarded an honorary diploma by the World\u2019s Fair for the Philips Pavilion. Designs Le Po\u00e8me \u00e9lectronique to a score by Edgar Var\u00e8se. Official opening of the Secretariat in Chandigarh. <\/p>\n<p><strong>1959<\/strong> <br \/>\nHonorary doctorate at the University of Cambridge. International campaign for the protection of Villa Savoye as a Historic Monument. Trips to India. Builds the Cultural Center in Firminy (France). Eug\u00e8ne Claudius-Petit commissions the Unit\u00e9 d\u2019Habitation in Firminy-Vert. Release of the second Salubra color keyboard. <\/p>\n<p><strong>1960<\/strong> <br \/>\n15 February: death of Le Corbusier\u2019s mother. 19 October: official opening of the Sainte-Marie de la Tourette priory. Publication of Creation is a Patient Search. Builds the Kembs-Niffer lock on the Grand Alsace Canal. <\/p>\n<p><strong>1961<\/strong> <br \/>\nCommander of the Order of Merit. Honorary doctorate from the University of Colombia. Gold medal from the American Institute of Architects. Frequent trips to Firminy. Studies for the church of Saint Pierre. Seven sketches for tapestries for the High Court in Chandigarh.<br \/>\nExhibitions in Zurich and Stockholm. Trips to India. Builds the Carpenter Center for the Visual Arts at Harvard University. <\/p>\n<p><strong>1962<\/strong> <br \/>\nTrip to Brazil for the French Embassy in Brasilia. Retrospective exhibition at the Mus\u00e9e d\u2019Art Moderne in Paris. Official opening of the Legislative Assembly in Chandigarh. Builds the Unit\u00e9 d\u2019Habitation in Firminy. <\/p>\n<p><strong>1963<\/strong> <br \/>\nGold medal from the City of Florence. Grand Officer of the Legion of Honor. Honorary doctorate from the University of Geneva. Official opening of the Carpenter Center for the Visual Arts. Exhibits at Palazzo Strozzi in Florence. Builds the Le Corbusier Center in Zurich for Heidi Weber. June: is awarded the Grand Cross of the Legion of Honor by Andr\u00e9 Malraux in the studio at 35 Rue de S\u00e8vres.<br \/>\nCommission for the hospital in Venice. Exhibits in Zurich and La Chaux-de-Fonds.<\/p>\n<p><strong>1965<\/strong> <br \/>\nRevises his study for the Open Hand monument in Chandigarh. Honorary diploma from the Boston Architectural Society. Publishes Texts and Sketches for Ronchamp. Builds the stadium in Firminy. 27 August: Le Corbusier dies while swimming off Cap-Martin in the Mediterranean. Official funeral in the Cour Carr\u00e9 at the Louvre. Le Corbusier is buried in the cemetery at Cap-Martin.<\/p>\n","protected":false},"excerpt":{"rendered":"<p>1887 6 October: birth in La Chaux-de-Fonds of Charles-\u00c9douard Jeanneret, son of Georges-\u00c9douard Jeanneret, watch engraver and enameler, and Marie Charlotte Am\u00e9lie Jeanneret-Perret, musician. 1904 Begins studies in interior design under Charles L\u2019Eplattenier, who interests him in architecture. 1905 Commissioned by Louis Fallet to build a house in La Chaux-de-Fonds, in association with architect Ren\u00e9 [&hellip;]<\/p>\n","protected":false},"author":2,"featured_media":0,"parent":0,"menu_order":0,"comment_status":"closed","ping_status":"closed","template":"","meta":{"_acf_changed":false,"footnotes":""},"class_list":["post-36592","page","type-page","status-publish","hentry"],"acf":[],"yoast_head":"<!-- This site is optimized with the Yoast SEO plugin v27.5 - https:\/\/yoast.com\/product\/yoast-seo-wordpress\/ -->\n<title>cv-le-corbusier - Galerie Patrick Seguin<\/title>\n<meta name=\"robots\" content=\"index, follow, max-snippet:-1, max-image-preview:large, max-video-preview:-1\" \/>\n<link rel=\"canonical\" href=\"https:\/\/www.patrickseguin.com\/en\/cv-le-corbusier-2\/\" \/>\n<meta property=\"og:locale\" content=\"en_US\" \/>\n<meta property=\"og:type\" content=\"article\" \/>\n<meta property=\"og:title\" content=\"cv-le-corbusier - Galerie Patrick Seguin\" \/>\n<meta property=\"og:description\" content=\"1887 6 October: birth in La Chaux-de-Fonds of Charles-\u00c9douard Jeanneret, son of Georges-\u00c9douard Jeanneret, watch engraver and enameler, and Marie Charlotte Am\u00e9lie Jeanneret-Perret, musician. 1904 Begins studies in interior design under Charles L\u2019Eplattenier, who interests him in architecture. 1905 Commissioned by Louis Fallet to build a house in La Chaux-de-Fonds, in association with architect Ren\u00e9 [&hellip;]\" \/>\n<meta property=\"og:url\" content=\"https:\/\/www.patrickseguin.com\/en\/cv-le-corbusier-2\/\" \/>\n<meta property=\"og:site_name\" content=\"Patrick Seguin\" \/>\n<meta property=\"article:publisher\" content=\"https:\/\/www.facebook.com\/galeriepatrickseguin\" \/>\n<meta property=\"article:modified_time\" content=\"2025-08-28T12:30:07+00:00\" \/>\n<meta name=\"twitter:card\" content=\"summary_large_image\" \/>\n<meta name=\"twitter:site\" content=\"@GaleriePSeguin\" \/>\n<meta name=\"twitter:label1\" content=\"Est. reading time\" \/>\n\t<meta name=\"twitter:data1\" content=\"13 minutes\" \/>\n<script type=\"application\/ld+json\" class=\"yoast-schema-graph\">{\"@context\":\"https:\\\/\\\/schema.org\",\"@graph\":[{\"@type\":\"WebPage\",\"@id\":\"https:\\\/\\\/www.patrickseguin.com\\\/en\\\/cv-le-corbusier-2\\\/\",\"url\":\"https:\\\/\\\/www.patrickseguin.com\\\/en\\\/cv-le-corbusier-2\\\/\",\"name\":\"cv-le-corbusier - Galerie Patrick Seguin\",\"isPartOf\":{\"@id\":\"https:\\\/\\\/www.patrickseguin.com\\\/en\\\/#website\"},\"datePublished\":\"2016-02-18T16:01:54+00:00\",\"dateModified\":\"2025-08-28T12:30:07+00:00\",\"inLanguage\":\"en-US\",\"potentialAction\":[{\"@type\":\"ReadAction\",\"target\":[\"https:\\\/\\\/www.patrickseguin.com\\\/en\\\/cv-le-corbusier-2\\\/\"]}]},{\"@type\":\"WebSite\",\"@id\":\"https:\\\/\\\/www.patrickseguin.com\\\/en\\\/#website\",\"url\":\"https:\\\/\\\/www.patrickseguin.com\\\/en\\\/\",\"name\":\"Galerie Patrick Seguin\",\"description\":\"\",\"publisher\":{\"@id\":\"https:\\\/\\\/www.patrickseguin.com\\\/en\\\/#organization\"},\"potentialAction\":[{\"@type\":\"SearchAction\",\"target\":{\"@type\":\"EntryPoint\",\"urlTemplate\":\"https:\\\/\\\/www.patrickseguin.com\\\/en\\\/?s={search_term_string}\"},\"query-input\":{\"@type\":\"PropertyValueSpecification\",\"valueRequired\":true,\"valueName\":\"search_term_string\"}}],\"inLanguage\":\"en-US\"},{\"@type\":\"Organization\",\"@id\":\"https:\\\/\\\/www.patrickseguin.com\\\/en\\\/#organization\",\"name\":\"Galerie Patrick Seguin\",\"url\":\"https:\\\/\\\/www.patrickseguin.com\\\/en\\\/\",\"logo\":{\"@type\":\"ImageObject\",\"inLanguage\":\"en-US\",\"@id\":\"https:\\\/\\\/www.patrickseguin.com\\\/en\\\/#\\\/schema\\\/logo\\\/image\\\/\",\"url\":\"https:\\\/\\\/www.patrickseguin.com\\\/wp-content\\\/uploads\\\/2020\\\/06\\\/ELEMENTSPOURMAX-25.png\",\"contentUrl\":\"https:\\\/\\\/www.patrickseguin.com\\\/wp-content\\\/uploads\\\/2020\\\/06\\\/ELEMENTSPOURMAX-25.png\",\"width\":2226,\"height\":122,\"caption\":\"Galerie Patrick Seguin\"},\"image\":{\"@id\":\"https:\\\/\\\/www.patrickseguin.com\\\/en\\\/#\\\/schema\\\/logo\\\/image\\\/\"},\"sameAs\":[\"https:\\\/\\\/www.facebook.com\\\/galeriepatrickseguin\",\"https:\\\/\\\/x.com\\\/GaleriePSeguin\"]}]}<\/script>\n<!-- \/ Yoast SEO plugin. -->","yoast_head_json":{"title":"cv-le-corbusier - Galerie Patrick Seguin","robots":{"index":"index","follow":"follow","max-snippet":"max-snippet:-1","max-image-preview":"max-image-preview:large","max-video-preview":"max-video-preview:-1"},"canonical":"https:\/\/www.patrickseguin.com\/en\/cv-le-corbusier-2\/","og_locale":"en_US","og_type":"article","og_title":"cv-le-corbusier - Galerie Patrick Seguin","og_description":"1887 6 October: birth in La Chaux-de-Fonds of Charles-\u00c9douard Jeanneret, son of Georges-\u00c9douard Jeanneret, watch engraver and enameler, and Marie Charlotte Am\u00e9lie Jeanneret-Perret, musician. 1904 Begins studies in interior design under Charles L\u2019Eplattenier, who interests him in architecture. 1905 Commissioned by Louis Fallet to build a house in La Chaux-de-Fonds, in association with architect Ren\u00e9 [&hellip;]","og_url":"https:\/\/www.patrickseguin.com\/en\/cv-le-corbusier-2\/","og_site_name":"Patrick Seguin","article_publisher":"https:\/\/www.facebook.com\/galeriepatrickseguin","article_modified_time":"2025-08-28T12:30:07+00:00","twitter_card":"summary_large_image","twitter_site":"@GaleriePSeguin","twitter_misc":{"Est. reading time":"13 minutes"},"schema":{"@context":"https:\/\/schema.org","@graph":[{"@type":"WebPage","@id":"https:\/\/www.patrickseguin.com\/en\/cv-le-corbusier-2\/","url":"https:\/\/www.patrickseguin.com\/en\/cv-le-corbusier-2\/","name":"cv-le-corbusier - Galerie Patrick Seguin","isPartOf":{"@id":"https:\/\/www.patrickseguin.com\/en\/#website"},"datePublished":"2016-02-18T16:01:54+00:00","dateModified":"2025-08-28T12:30:07+00:00","inLanguage":"en-US","potentialAction":[{"@type":"ReadAction","target":["https:\/\/www.patrickseguin.com\/en\/cv-le-corbusier-2\/"]}]},{"@type":"WebSite","@id":"https:\/\/www.patrickseguin.com\/en\/#website","url":"https:\/\/www.patrickseguin.com\/en\/","name":"Galerie Patrick Seguin","description":"","publisher":{"@id":"https:\/\/www.patrickseguin.com\/en\/#organization"},"potentialAction":[{"@type":"SearchAction","target":{"@type":"EntryPoint","urlTemplate":"https:\/\/www.patrickseguin.com\/en\/?s={search_term_string}"},"query-input":{"@type":"PropertyValueSpecification","valueRequired":true,"valueName":"search_term_string"}}],"inLanguage":"en-US"},{"@type":"Organization","@id":"https:\/\/www.patrickseguin.com\/en\/#organization","name":"Galerie Patrick Seguin","url":"https:\/\/www.patrickseguin.com\/en\/","logo":{"@type":"ImageObject","inLanguage":"en-US","@id":"https:\/\/www.patrickseguin.com\/en\/#\/schema\/logo\/image\/","url":"https:\/\/www.patrickseguin.com\/wp-content\/uploads\/2020\/06\/ELEMENTSPOURMAX-25.png","contentUrl":"https:\/\/www.patrickseguin.com\/wp-content\/uploads\/2020\/06\/ELEMENTSPOURMAX-25.png","width":2226,"height":122,"caption":"Galerie Patrick Seguin"},"image":{"@id":"https:\/\/www.patrickseguin.com\/en\/#\/schema\/logo\/image\/"},"sameAs":["https:\/\/www.facebook.com\/galeriepatrickseguin","https:\/\/x.com\/GaleriePSeguin"]}]}},"_links":{"self":[{"href":"https:\/\/www.patrickseguin.com\/en\/wp-json\/wp\/v2\/pages\/36592","targetHints":{"allow":["GET"]}}],"collection":[{"href":"https:\/\/www.patrickseguin.com\/en\/wp-json\/wp\/v2\/pages"}],"about":[{"href":"https:\/\/www.patrickseguin.com\/en\/wp-json\/wp\/v2\/types\/page"}],"author":[{"embeddable":true,"href":"https:\/\/www.patrickseguin.com\/en\/wp-json\/wp\/v2\/users\/2"}],"replies":[{"embeddable":true,"href":"https:\/\/www.patrickseguin.com\/en\/wp-json\/wp\/v2\/comments?post=36592"}],"version-history":[{"count":3,"href":"https:\/\/www.patrickseguin.com\/en\/wp-json\/wp\/v2\/pages\/36592\/revisions"}],"predecessor-version":[{"id":45796,"href":"https:\/\/www.patrickseguin.com\/en\/wp-json\/wp\/v2\/pages\/36592\/revisions\/45796"}],"wp:attachment":[{"href":"https:\/\/www.patrickseguin.com\/en\/wp-json\/wp\/v2\/media?parent=36592"}],"curies":[{"name":"wp","href":"https:\/\/api.w.org\/{rel}","templated":true}]}}