{"id":42646,"date":"2025-05-14T14:38:33","date_gmt":"2025-05-14T13:38:33","guid":{"rendered":"https:\/\/www.patrickseguin.com\/produit\/jean-prouve-from-furniture-to-architecture-the-laurence-and-patrick-seguin-collection\/"},"modified":"2025-12-26T00:00:03","modified_gmt":"2025-12-25T23:00:03","slug":"jean-prouve-from-furniture-to-architecture-the-laurence-and-patrick-seguin-collection","status":"publish","type":"product","link":"https:\/\/www.patrickseguin.com\/en\/produit\/jean-prouve-from-furniture-to-architecture-the-laurence-and-patrick-seguin-collection\/","title":{"rendered":"JEAN PROUV\u00c9, From furniture to architecture \u2013 The Laurence and Patrick Seguin collection"},"content":{"rendered":"<div class=\"slider-gallery\"><div class=\"swiperProduct\">\n            <div class=\"swiper-wrapper\"><div class=\"swiper-slide\"><img fetchpriority=\"high\" decoding=\"async\" width=\"1600\" height=\"1200\" src=\"https:\/\/www.patrickseguin.com\/wp-content\/uploads\/2025\/05\/jp-collection-page.jpg\" class=\"attachment-full size-full\" alt=\"\" srcset=\"https:\/\/www.patrickseguin.com\/wp-content\/uploads\/2025\/05\/jp-collection-page.jpg 1600w, https:\/\/www.patrickseguin.com\/wp-content\/uploads\/2025\/05\/jp-collection-page-380x285.jpg 380w, https:\/\/www.patrickseguin.com\/wp-content\/uploads\/2025\/05\/jp-collection-page-1024x768.jpg 1024w, https:\/\/www.patrickseguin.com\/wp-content\/uploads\/2025\/05\/jp-collection-page-768x576.jpg 768w, https:\/\/www.patrickseguin.com\/wp-content\/uploads\/2025\/05\/jp-collection-page-1536x1152.jpg 1536w, https:\/\/www.patrickseguin.com\/wp-content\/uploads\/2025\/05\/jp-collection-page-400x300.jpg 400w, https:\/\/www.patrickseguin.com\/wp-content\/uploads\/2025\/05\/jp-collection-page-600x450.jpg 600w\" sizes=\"(max-width: 1600px) 100vw, 1600px\" \/><\/div><div class=\"swiper-slide\"><img decoding=\"async\" width=\"1600\" height=\"1200\" src=\"https:\/\/www.patrickseguin.com\/wp-content\/uploads\/2025\/05\/jp-collection-page-1-1.jpg\" class=\"attachment-full size-full\" alt=\"\" srcset=\"https:\/\/www.patrickseguin.com\/wp-content\/uploads\/2025\/05\/jp-collection-page-1-1.jpg 1600w, https:\/\/www.patrickseguin.com\/wp-content\/uploads\/2025\/05\/jp-collection-page-1-1-380x285.jpg 380w, https:\/\/www.patrickseguin.com\/wp-content\/uploads\/2025\/05\/jp-collection-page-1-1-1024x768.jpg 1024w, https:\/\/www.patrickseguin.com\/wp-content\/uploads\/2025\/05\/jp-collection-page-1-1-768x576.jpg 768w, https:\/\/www.patrickseguin.com\/wp-content\/uploads\/2025\/05\/jp-collection-page-1-1-1536x1152.jpg 1536w, https:\/\/www.patrickseguin.com\/wp-content\/uploads\/2025\/05\/jp-collection-page-1-1-400x300.jpg 400w, https:\/\/www.patrickseguin.com\/wp-content\/uploads\/2025\/05\/jp-collection-page-1-1-600x450.jpg 600w\" sizes=\"(max-width: 1600px) 100vw, 1600px\" \/><\/div><div class=\"swiper-slide\"><img decoding=\"async\" width=\"1600\" height=\"1200\" src=\"https:\/\/www.patrickseguin.com\/wp-content\/uploads\/2025\/05\/jp-collection-page-2-1.jpg\" class=\"attachment-full size-full\" alt=\"\" srcset=\"https:\/\/www.patrickseguin.com\/wp-content\/uploads\/2025\/05\/jp-collection-page-2-1.jpg 1600w, https:\/\/www.patrickseguin.com\/wp-content\/uploads\/2025\/05\/jp-collection-page-2-1-380x285.jpg 380w, https:\/\/www.patrickseguin.com\/wp-content\/uploads\/2025\/05\/jp-collection-page-2-1-1024x768.jpg 1024w, https:\/\/www.patrickseguin.com\/wp-content\/uploads\/2025\/05\/jp-collection-page-2-1-768x576.jpg 768w, https:\/\/www.patrickseguin.com\/wp-content\/uploads\/2025\/05\/jp-collection-page-2-1-1536x1152.jpg 1536w, https:\/\/www.patrickseguin.com\/wp-content\/uploads\/2025\/05\/jp-collection-page-2-1-400x300.jpg 400w, https:\/\/www.patrickseguin.com\/wp-content\/uploads\/2025\/05\/jp-collection-page-2-1-600x450.jpg 600w\" sizes=\"(max-width: 1600px) 100vw, 1600px\" \/><\/div><div class=\"swiper-slide\"><img loading=\"lazy\" decoding=\"async\" width=\"1600\" height=\"1200\" src=\"https:\/\/www.patrickseguin.com\/wp-content\/uploads\/2025\/05\/jp-collection-page-3-1.jpg\" class=\"attachment-full size-full\" alt=\"\" srcset=\"https:\/\/www.patrickseguin.com\/wp-content\/uploads\/2025\/05\/jp-collection-page-3-1.jpg 1600w, https:\/\/www.patrickseguin.com\/wp-content\/uploads\/2025\/05\/jp-collection-page-3-1-380x285.jpg 380w, https:\/\/www.patrickseguin.com\/wp-content\/uploads\/2025\/05\/jp-collection-page-3-1-1024x768.jpg 1024w, https:\/\/www.patrickseguin.com\/wp-content\/uploads\/2025\/05\/jp-collection-page-3-1-768x576.jpg 768w, https:\/\/www.patrickseguin.com\/wp-content\/uploads\/2025\/05\/jp-collection-page-3-1-1536x1152.jpg 1536w, https:\/\/www.patrickseguin.com\/wp-content\/uploads\/2025\/05\/jp-collection-page-3-1-400x300.jpg 400w, https:\/\/www.patrickseguin.com\/wp-content\/uploads\/2025\/05\/jp-collection-page-3-1-600x450.jpg 600w\" sizes=\"(max-width: 1600px) 100vw, 1600px\" \/><\/div><div class=\"swiper-slide\"><img loading=\"lazy\" decoding=\"async\" width=\"1600\" height=\"1200\" src=\"https:\/\/www.patrickseguin.com\/wp-content\/uploads\/2025\/05\/jp-collection-page-4-1.jpg\" class=\"attachment-full size-full\" alt=\"\" srcset=\"https:\/\/www.patrickseguin.com\/wp-content\/uploads\/2025\/05\/jp-collection-page-4-1.jpg 1600w, https:\/\/www.patrickseguin.com\/wp-content\/uploads\/2025\/05\/jp-collection-page-4-1-380x285.jpg 380w, https:\/\/www.patrickseguin.com\/wp-content\/uploads\/2025\/05\/jp-collection-page-4-1-1024x768.jpg 1024w, https:\/\/www.patrickseguin.com\/wp-content\/uploads\/2025\/05\/jp-collection-page-4-1-768x576.jpg 768w, https:\/\/www.patrickseguin.com\/wp-content\/uploads\/2025\/05\/jp-collection-page-4-1-1536x1152.jpg 1536w, https:\/\/www.patrickseguin.com\/wp-content\/uploads\/2025\/05\/jp-collection-page-4-1-400x300.jpg 400w, https:\/\/www.patrickseguin.com\/wp-content\/uploads\/2025\/05\/jp-collection-page-4-1-600x450.jpg 600w\" sizes=\"(max-width: 1600px) 100vw, 1600px\" \/><\/div>\n            <\/div>\n\n            <div class=\"swiper-button-prev\"><\/div>\n            <div class=\"swiper-button-next\"><\/div>\n            <\/div>\n            <\/div>\n            <!-- end gallery -->\n\t\t\t\t\n<p>The forthcoming publication on Laurence and Patrick Seguin\u2019s private collection is set to be an exceptional tribute to the visionary work of <strong data-eusoft-scrollable-element=\"1\">JEAN PROUV\u00c9<\/strong>, iconic figure of 20th-century design and architecture. Through a meticulously compiled selection of furniture (primarily prototypes or rarely-seen pieces), architectural elements and demountable houses, the book plunges us into Prouv\u00e9\u2019s singular world where aesthetics are placed at the service of function.<\/p>\n<p>This new, fully bilingual publication presents the collection of work by Jean Prouv\u00e9 assembled by Laurence and Patrick Seguin over the years. Generously illustrated with contemporary photographs and previously unpublished archive drawings, it brings to light a wide range of pieces designed by Prouv\u00e9 over more than three decades.<\/p>\n<p>Leading collectors and champions of Jean Prouv\u00e9\u2019s work, Laurence and Patrick Seguin take us on a tour of their private collection, which brings together emblematic pieces by the \u201cconstructor\u201d, some rare and little known, such as the 1939 Saint-Br\u00e9vin table, and others iconic, such as the M\u00e9tropole chair or the 1930 Cit\u00e9 armchair. Exploring the architecture of this impressive collection is an invitation to fully immerse oneself in the very heart of modern design.<\/p>\n<p>\u00ab <strong data-eusoft-scrollable-element=\"1\">Over the years, Jean Prouv\u00e9 has established himself as the cornerstone of this collection, because his modernity prefigured many contemporary approaches, and because we live with his creations on a daily basis. There is a real dialogue, a real synergy, between his furniture and contemporary art. <\/strong> \u00bb<\/p>\n<p>Offering intimate insight on the theme of \u201cliving with a collection\u201d, this publication illustrates how these superb pieces, acquired since the end of the 1980s, integrate seamlessly into the daily life of Laurence and Patrick Seguin. Between their apartment, their Paris gallery, and their estate in the south of France (Var), where the demountable houses are installed in the open air in a conversation with nature, this collection embodies a profound passion for Prouv\u00e9\u2019s work and attests to the way his creations continue to thrive and inspire. This unique private collection, here presented as a cohesive ensemble, is shown at exhibitions or for special projects such as this exclusive publication.<\/p>\n<p>A preface by Laurence and Patrick Seguin is followed by an essay by architect, historian and architectural theorist Mark Wigley. Known for his research and writing on contemporary architecture, he is Professor of Architecture at Columbia University (New York), where he teaches and heads research on architectural history.<\/p>\n<p>Following a series of reclaimed exhibitions in France, Japan and Italy, this elegant book devotes a chapter to the four outstanding exhibitions of Jean Prouv\u00e9\u2019s work organised by Galerie Patrick Seguin between 2014 and 2022. Presenting works selected from their private collection, these events were held in collaboration with Pinacoteca Giovanni e Marella Agnelli in Turin, the French Embassy in Tokyo, Ch\u00e2teau La Coste (south of France) and Museum of Contemporary Art Tokyo, thereby raising the profile of the collection internationally.<\/p>\n<p>This publication is an expanded edition of the book published in 2013 by Galerie Patrick Seguin for the exhibition organised in partnership with Pinacoteca Giovanni e Marella Agnelli, and is a key reference for enthusiasts the world over.<\/p>\n","protected":false},"excerpt":{"rendered":"<p>The forthcoming publication on Laurence and Patrick Seguin\u2019s private collection is set to be an exceptional tribute to the visionary work of JEAN PROUV\u00c9, iconic figure of 20th-century design and architecture. Through a meticulously compiled selection of furniture (primarily prototypes or rarely-seen pieces), architectural elements and demountable houses, the book plunges us into Prouv\u00e9\u2019s singular [&hellip;]<\/p>\n","protected":false},"featured_media":38773,"comment_status":"closed","ping_status":"closed","template":"","meta":{"_acf_changed":false},"product_brand":[],"product_cat":[238],"product_tag":[],"woo-feed-brand":[],"class_list":{"0":"post-42646","1":"product","2":"type-product","3":"status-publish","4":"has-post-thumbnail","6":"product_cat-book","8":"first","9":"instock","10":"taxable","11":"shipping-taxable","12":"purchasable","13":"product-type-simple"},"acf":[],"yoast_head":"<!-- This site is optimized with the Yoast SEO plugin v27.5 - https:\/\/yoast.com\/product\/yoast-seo-wordpress\/ -->\n<title>JEAN PROUV\u00c9, From furniture to architecture - Galerie Patrick Seguin<\/title>\n<meta name=\"description\" content=\"JEAN PROUV\u00c9 From furniture to architecture - Edited by Galerie Patrick Seguin\" \/>\n<meta name=\"robots\" content=\"index, follow, max-snippet:-1, max-image-preview:large, max-video-preview:-1\" \/>\n<link rel=\"canonical\" href=\"https:\/\/www.patrickseguin.com\/en\/produit\/jean-prouve-from-furniture-to-architecture-the-laurence-and-patrick-seguin-collection\/\" \/>\n<meta property=\"og:locale\" content=\"en_US\" \/>\n<meta property=\"og:type\" content=\"article\" \/>\n<meta property=\"og:title\" content=\"JEAN PROUV\u00c9, From furniture to architecture - Galerie Patrick Seguin\" \/>\n<meta property=\"og:description\" content=\"JEAN PROUV\u00c9 From furniture to architecture - Edited by Galerie Patrick Seguin\" \/>\n<meta property=\"og:url\" content=\"https:\/\/www.patrickseguin.com\/en\/produit\/jean-prouve-from-furniture-to-architecture-the-laurence-and-patrick-seguin-collection\/\" \/>\n<meta property=\"og:site_name\" content=\"Patrick Seguin\" \/>\n<meta property=\"article:publisher\" content=\"https:\/\/www.facebook.com\/galeriepatrickseguin\" \/>\n<meta property=\"article:modified_time\" content=\"2025-12-25T23:00:03+00:00\" \/>\n<meta property=\"og:image\" content=\"https:\/\/www.patrickseguin.com\/wp-content\/uploads\/2025\/05\/jp-collection-couv.jpg\" \/>\n\t<meta property=\"og:image:width\" content=\"1282\" \/>\n\t<meta property=\"og:image:height\" content=\"1600\" \/>\n\t<meta property=\"og:image:type\" content=\"image\/jpeg\" \/>\n<meta name=\"twitter:card\" content=\"summary_large_image\" \/>\n<meta name=\"twitter:site\" content=\"@GaleriePSeguin\" \/>\n<meta name=\"twitter:label1\" content=\"Est. reading time\" \/>\n\t<meta name=\"twitter:data1\" content=\"3 minutes\" \/>\n<script type=\"application\/ld+json\" class=\"yoast-schema-graph\">{\"@context\":\"https:\\\/\\\/schema.org\",\"@graph\":[{\"@type\":\"WebPage\",\"@id\":\"https:\\\/\\\/www.patrickseguin.com\\\/en\\\/produit\\\/jean-prouve-from-furniture-to-architecture-the-laurence-and-patrick-seguin-collection\\\/\",\"url\":\"https:\\\/\\\/www.patrickseguin.com\\\/en\\\/produit\\\/jean-prouve-from-furniture-to-architecture-the-laurence-and-patrick-seguin-collection\\\/\",\"name\":\"JEAN PROUV\u00c9, From furniture to architecture - Galerie Patrick Seguin\",\"isPartOf\":{\"@id\":\"https:\\\/\\\/www.patrickseguin.com\\\/en\\\/#website\"},\"primaryImageOfPage\":{\"@id\":\"https:\\\/\\\/www.patrickseguin.com\\\/en\\\/produit\\\/jean-prouve-from-furniture-to-architecture-the-laurence-and-patrick-seguin-collection\\\/#primaryimage\"},\"image\":{\"@id\":\"https:\\\/\\\/www.patrickseguin.com\\\/en\\\/produit\\\/jean-prouve-from-furniture-to-architecture-the-laurence-and-patrick-seguin-collection\\\/#primaryimage\"},\"thumbnailUrl\":\"https:\\\/\\\/www.patrickseguin.com\\\/wp-content\\\/uploads\\\/2025\\\/05\\\/jp-collection-couv.jpg\",\"datePublished\":\"2025-05-14T13:38:33+00:00\",\"dateModified\":\"2025-12-25T23:00:03+00:00\",\"description\":\"JEAN PROUV\u00c9 From furniture to architecture - Edited by Galerie Patrick Seguin\",\"breadcrumb\":{\"@id\":\"https:\\\/\\\/www.patrickseguin.com\\\/en\\\/produit\\\/jean-prouve-from-furniture-to-architecture-the-laurence-and-patrick-seguin-collection\\\/#breadcrumb\"},\"inLanguage\":\"en-US\",\"potentialAction\":[{\"@type\":\"ReadAction\",\"target\":[\"https:\\\/\\\/www.patrickseguin.com\\\/en\\\/produit\\\/jean-prouve-from-furniture-to-architecture-the-laurence-and-patrick-seguin-collection\\\/\"]}]},{\"@type\":\"ImageObject\",\"inLanguage\":\"en-US\",\"@id\":\"https:\\\/\\\/www.patrickseguin.com\\\/en\\\/produit\\\/jean-prouve-from-furniture-to-architecture-the-laurence-and-patrick-seguin-collection\\\/#primaryimage\",\"url\":\"https:\\\/\\\/www.patrickseguin.com\\\/wp-content\\\/uploads\\\/2025\\\/05\\\/jp-collection-couv.jpg\",\"contentUrl\":\"https:\\\/\\\/www.patrickseguin.com\\\/wp-content\\\/uploads\\\/2025\\\/05\\\/jp-collection-couv.jpg\",\"width\":1282,\"height\":1600},{\"@type\":\"BreadcrumbList\",\"@id\":\"https:\\\/\\\/www.patrickseguin.com\\\/en\\\/produit\\\/jean-prouve-from-furniture-to-architecture-the-laurence-and-patrick-seguin-collection\\\/#breadcrumb\",\"itemListElement\":[{\"@type\":\"ListItem\",\"position\":1,\"name\":\"PUBLICATIONS\",\"item\":\"https:\\\/\\\/www.patrickseguin.com\\\/en\\\/bookstore\\\/\"},{\"@type\":\"ListItem\",\"position\":2,\"name\":\"JEAN PROUV\u00c9, From furniture to architecture \u2013 The Laurence and Patrick Seguin collection\"}]},{\"@type\":\"WebSite\",\"@id\":\"https:\\\/\\\/www.patrickseguin.com\\\/en\\\/#website\",\"url\":\"https:\\\/\\\/www.patrickseguin.com\\\/en\\\/\",\"name\":\"Galerie Patrick Seguin\",\"description\":\"\",\"publisher\":{\"@id\":\"https:\\\/\\\/www.patrickseguin.com\\\/en\\\/#organization\"},\"potentialAction\":[{\"@type\":\"SearchAction\",\"target\":{\"@type\":\"EntryPoint\",\"urlTemplate\":\"https:\\\/\\\/www.patrickseguin.com\\\/en\\\/?s={search_term_string}\"},\"query-input\":{\"@type\":\"PropertyValueSpecification\",\"valueRequired\":true,\"valueName\":\"search_term_string\"}}],\"inLanguage\":\"en-US\"},{\"@type\":\"Organization\",\"@id\":\"https:\\\/\\\/www.patrickseguin.com\\\/en\\\/#organization\",\"name\":\"Galerie Patrick Seguin\",\"url\":\"https:\\\/\\\/www.patrickseguin.com\\\/en\\\/\",\"logo\":{\"@type\":\"ImageObject\",\"inLanguage\":\"en-US\",\"@id\":\"https:\\\/\\\/www.patrickseguin.com\\\/en\\\/#\\\/schema\\\/logo\\\/image\\\/\",\"url\":\"https:\\\/\\\/www.patrickseguin.com\\\/wp-content\\\/uploads\\\/2020\\\/06\\\/ELEMENTSPOURMAX-25.png\",\"contentUrl\":\"https:\\\/\\\/www.patrickseguin.com\\\/wp-content\\\/uploads\\\/2020\\\/06\\\/ELEMENTSPOURMAX-25.png\",\"width\":2226,\"height\":122,\"caption\":\"Galerie Patrick Seguin\"},\"image\":{\"@id\":\"https:\\\/\\\/www.patrickseguin.com\\\/en\\\/#\\\/schema\\\/logo\\\/image\\\/\"},\"sameAs\":[\"https:\\\/\\\/www.facebook.com\\\/galeriepatrickseguin\",\"https:\\\/\\\/x.com\\\/GaleriePSeguin\"]}]}<\/script>\n<!-- \/ Yoast SEO plugin. -->","yoast_head_json":{"title":"JEAN PROUV\u00c9, From furniture to architecture - Galerie Patrick Seguin","description":"JEAN PROUV\u00c9 From furniture to architecture - Edited by Galerie Patrick Seguin","robots":{"index":"index","follow":"follow","max-snippet":"max-snippet:-1","max-image-preview":"max-image-preview:large","max-video-preview":"max-video-preview:-1"},"canonical":"https:\/\/www.patrickseguin.com\/en\/produit\/jean-prouve-from-furniture-to-architecture-the-laurence-and-patrick-seguin-collection\/","og_locale":"en_US","og_type":"article","og_title":"JEAN PROUV\u00c9, From furniture to architecture - Galerie Patrick Seguin","og_description":"JEAN PROUV\u00c9 From furniture to architecture - Edited by Galerie Patrick Seguin","og_url":"https:\/\/www.patrickseguin.com\/en\/produit\/jean-prouve-from-furniture-to-architecture-the-laurence-and-patrick-seguin-collection\/","og_site_name":"Patrick Seguin","article_publisher":"https:\/\/www.facebook.com\/galeriepatrickseguin","article_modified_time":"2025-12-25T23:00:03+00:00","og_image":[{"width":1282,"height":1600,"url":"https:\/\/www.patrickseguin.com\/wp-content\/uploads\/2025\/05\/jp-collection-couv.jpg","type":"image\/jpeg"}],"twitter_card":"summary_large_image","twitter_site":"@GaleriePSeguin","twitter_misc":{"Est. reading time":"3 minutes"},"schema":{"@context":"https:\/\/schema.org","@graph":[{"@type":"WebPage","@id":"https:\/\/www.patrickseguin.com\/en\/produit\/jean-prouve-from-furniture-to-architecture-the-laurence-and-patrick-seguin-collection\/","url":"https:\/\/www.patrickseguin.com\/en\/produit\/jean-prouve-from-furniture-to-architecture-the-laurence-and-patrick-seguin-collection\/","name":"JEAN PROUV\u00c9, From furniture to architecture - Galerie Patrick Seguin","isPartOf":{"@id":"https:\/\/www.patrickseguin.com\/en\/#website"},"primaryImageOfPage":{"@id":"https:\/\/www.patrickseguin.com\/en\/produit\/jean-prouve-from-furniture-to-architecture-the-laurence-and-patrick-seguin-collection\/#primaryimage"},"image":{"@id":"https:\/\/www.patrickseguin.com\/en\/produit\/jean-prouve-from-furniture-to-architecture-the-laurence-and-patrick-seguin-collection\/#primaryimage"},"thumbnailUrl":"https:\/\/www.patrickseguin.com\/wp-content\/uploads\/2025\/05\/jp-collection-couv.jpg","datePublished":"2025-05-14T13:38:33+00:00","dateModified":"2025-12-25T23:00:03+00:00","description":"JEAN PROUV\u00c9 From furniture to architecture - Edited by Galerie Patrick Seguin","breadcrumb":{"@id":"https:\/\/www.patrickseguin.com\/en\/produit\/jean-prouve-from-furniture-to-architecture-the-laurence-and-patrick-seguin-collection\/#breadcrumb"},"inLanguage":"en-US","potentialAction":[{"@type":"ReadAction","target":["https:\/\/www.patrickseguin.com\/en\/produit\/jean-prouve-from-furniture-to-architecture-the-laurence-and-patrick-seguin-collection\/"]}]},{"@type":"ImageObject","inLanguage":"en-US","@id":"https:\/\/www.patrickseguin.com\/en\/produit\/jean-prouve-from-furniture-to-architecture-the-laurence-and-patrick-seguin-collection\/#primaryimage","url":"https:\/\/www.patrickseguin.com\/wp-content\/uploads\/2025\/05\/jp-collection-couv.jpg","contentUrl":"https:\/\/www.patrickseguin.com\/wp-content\/uploads\/2025\/05\/jp-collection-couv.jpg","width":1282,"height":1600},{"@type":"BreadcrumbList","@id":"https:\/\/www.patrickseguin.com\/en\/produit\/jean-prouve-from-furniture-to-architecture-the-laurence-and-patrick-seguin-collection\/#breadcrumb","itemListElement":[{"@type":"ListItem","position":1,"name":"PUBLICATIONS","item":"https:\/\/www.patrickseguin.com\/en\/bookstore\/"},{"@type":"ListItem","position":2,"name":"JEAN PROUV\u00c9, From furniture to architecture \u2013 The Laurence and Patrick Seguin collection"}]},{"@type":"WebSite","@id":"https:\/\/www.patrickseguin.com\/en\/#website","url":"https:\/\/www.patrickseguin.com\/en\/","name":"Galerie Patrick Seguin","description":"","publisher":{"@id":"https:\/\/www.patrickseguin.com\/en\/#organization"},"potentialAction":[{"@type":"SearchAction","target":{"@type":"EntryPoint","urlTemplate":"https:\/\/www.patrickseguin.com\/en\/?s={search_term_string}"},"query-input":{"@type":"PropertyValueSpecification","valueRequired":true,"valueName":"search_term_string"}}],"inLanguage":"en-US"},{"@type":"Organization","@id":"https:\/\/www.patrickseguin.com\/en\/#organization","name":"Galerie Patrick Seguin","url":"https:\/\/www.patrickseguin.com\/en\/","logo":{"@type":"ImageObject","inLanguage":"en-US","@id":"https:\/\/www.patrickseguin.com\/en\/#\/schema\/logo\/image\/","url":"https:\/\/www.patrickseguin.com\/wp-content\/uploads\/2020\/06\/ELEMENTSPOURMAX-25.png","contentUrl":"https:\/\/www.patrickseguin.com\/wp-content\/uploads\/2020\/06\/ELEMENTSPOURMAX-25.png","width":2226,"height":122,"caption":"Galerie Patrick Seguin"},"image":{"@id":"https:\/\/www.patrickseguin.com\/en\/#\/schema\/logo\/image\/"},"sameAs":["https:\/\/www.facebook.com\/galeriepatrickseguin","https:\/\/x.com\/GaleriePSeguin"]}]}},"_links":{"self":[{"href":"https:\/\/www.patrickseguin.com\/en\/wp-json\/wp\/v2\/product\/42646","targetHints":{"allow":["GET"]}}],"collection":[{"href":"https:\/\/www.patrickseguin.com\/en\/wp-json\/wp\/v2\/product"}],"about":[{"href":"https:\/\/www.patrickseguin.com\/en\/wp-json\/wp\/v2\/types\/product"}],"replies":[{"embeddable":true,"href":"https:\/\/www.patrickseguin.com\/en\/wp-json\/wp\/v2\/comments?post=42646"}],"wp:featuredmedia":[{"embeddable":true,"href":"https:\/\/www.patrickseguin.com\/en\/wp-json\/wp\/v2\/media\/38773"}],"wp:attachment":[{"href":"https:\/\/www.patrickseguin.com\/en\/wp-json\/wp\/v2\/media?parent=42646"}],"wp:term":[{"taxonomy":"product_brand","embeddable":true,"href":"https:\/\/www.patrickseguin.com\/en\/wp-json\/wp\/v2\/product_brand?post=42646"},{"taxonomy":"product_cat","embeddable":true,"href":"https:\/\/www.patrickseguin.com\/en\/wp-json\/wp\/v2\/product_cat?post=42646"},{"taxonomy":"product_tag","embeddable":true,"href":"https:\/\/www.patrickseguin.com\/en\/wp-json\/wp\/v2\/product_tag?post=42646"},{"taxonomy":"woo-feed-brand","embeddable":true,"href":"https:\/\/www.patrickseguin.com\/en\/wp-json\/wp\/v2\/woo-feed-brand?post=42646"}],"curies":[{"name":"wp","href":"https:\/\/api.w.org\/{rel}","templated":true}]}}